{"id":1625,"date":"2020-11-04T21:37:29","date_gmt":"2020-11-04T21:37:29","guid":{"rendered":"http:\/\/music4lovers.de\/?page_id=1625"},"modified":"2020-11-10T18:10:13","modified_gmt":"2020-11-10T18:10:13","slug":"datenschutz","status":"publish","type":"page","link":"http:\/\/music4lovers.de\/pt\/datenschutz\/","title":{"rendered":"Prote\u00e7\u00e3o de dados"},"content":{"rendered":"<p><div class=\"fusion-fullwidth fullwidth-box fusion-builder-row-1 fusion-flex-container nonhundred-percent-fullwidth non-hundred-percent-height-scrolling\" style=\"background-color: rgba(255,255,255,0);background-position: center center;background-repeat: no-repeat;border-width: 0px 0px 0px 0px;border-color:#ffffff;border-style:solid;\" ><div class=\"fusion-builder-row fusion-row fusion-flex-align-items-flex-start\" style=\"max-width:1300px;margin-left: calc(-4% \/ 2 );margin-right: calc(-4% \/ 2 );\"><div class=\"fusion-layout-column fusion_builder_column fusion-builder-column-0 fusion_builder_column_1_1 1_1 fusion-flex-column\"><div class=\"fusion-column-wrapper fusion-flex-justify-content-flex-start fusion-content-layout-column\" style=\"background-position:left top;background-repeat:no-repeat;-webkit-background-size:cover;-moz-background-size:cover;-o-background-size:cover;background-size:cover;padding: 0px 0px 0px 0px;\"><div class=\"fusion-text fusion-text-1\"><p style=\"text-align: center; font-size: 27px;\" data-fusion-font=\"true\">Prote\u00e7\u00e3o de dados<\/p>\n<p class=\"font_8\">Obrigado por seu interesse em nossa empresa. A prote\u00e7\u00e3o de dados \u00e9 uma prioridade particularmente alta para a gest\u00e3o de www.music4lovers.de. A utiliza\u00e7\u00e3o do site www.music4lovers.de \u00e9 fundamentalmente poss\u00edvel sem fornecer quaisquer dados pessoais. No entanto, se um titular de dados deseja fazer uso dos servi\u00e7os especiais de nossa empresa atrav\u00e9s de nosso site, pode ser necess\u00e1rio processar dados pessoais. Se o processamento de dados pessoais for necess\u00e1rio e n\u00e3o houver base legal para tal processamento, geralmente obtemos o consentimento da pessoa em quest\u00e3o.<\/p>\n<p class=\"font_8\">O tratamento de dados pessoais, por exemplo o nome, endere\u00e7o, endere\u00e7o de e-mail ou n\u00famero de telefone de uma pessoa em causa, \u00e9 sempre realizado de acordo com o Regulamento Geral de Prote\u00e7\u00e3o de Dados e de acordo com os regulamentos de prote\u00e7\u00e3o de dados espec\u00edficos do pa\u00eds aplic\u00e1veis \u200b\u200ba www.music4lovers.de Por meio desta declara\u00e7\u00e3o de prote\u00e7\u00e3o de dados, nossa empresa deseja informar o p\u00fablico sobre o tipo, o escopo e a finalidade dos dados pessoais coletados, utilizados e processados \u200b\u200bpor n\u00f3s. Al\u00e9m disso, os titulares dos dados s\u00e3o informados sobre os seus direitos por meio desta declara\u00e7\u00e3o de prote\u00e7\u00e3o de dados.<\/p>\n<p class=\"font_8\">Como controlador, www.music4lovers.de implementou in\u00fameras medidas t\u00e9cnicas e organizacionais para garantir a prote\u00e7\u00e3o mais completa dos dados pessoais processados \u200b\u200batrav\u00e9s deste site. No entanto, as transmiss\u00f5es de dados baseadas na Internet geralmente podem ter falhas de seguran\u00e7a, de modo que a prote\u00e7\u00e3o absoluta n\u00e3o pode ser garantida. Por este motivo, cada pessoa interessada tem a liberdade de nos transmitir dados pessoais de formas alternativas, por exemplo, por telefone.<\/p>\n<\/div><\/div><style type=\"text\/css\">.fusion-body .fusion-builder-column-0{width:100% !important;margin-top : 0px;margin-bottom : 0px;}.fusion-builder-column-0 > .fusion-column-wrapper {padding-top : 0px !important;padding-right : 0px !important;margin-right : 1.92%;padding-bottom : 0px !important;padding-left : 0px !important;margin-left : 1.92%;}@media only screen and (max-width:1024px) {.fusion-body .fusion-builder-column-0{width:100% !important;order : 0;}.fusion-builder-column-0 > .fusion-column-wrapper {margin-right : 1.92%;margin-left : 1.92%;}}@media only screen and (max-width:640px) {.fusion-body .fusion-builder-column-0{width:100% !important;order : 0;}.fusion-builder-column-0 > .fusion-column-wrapper {margin-right : 1.92%;margin-left : 1.92%;}}<\/style><\/div><\/div><style type=\"text\/css\">.fusion-body .fusion-flex-container.fusion-builder-row-1{ padding-top : 0px;margin-top : 0px;padding-right : 0px;padding-bottom : 0px;margin-bottom : 0px;padding-left : 0px;}<\/style><\/div><div class=\"fusion-fullwidth fullwidth-box fusion-builder-row-2 fusion-flex-container nonhundred-percent-fullwidth non-hundred-percent-height-scrolling\" style=\"background-color: rgba(255,255,255,0);background-position: center center;background-repeat: no-repeat;border-width: 0px 0px 0px 0px;border-color:#ffffff;border-style:solid;\" ><div class=\"fusion-builder-row fusion-row fusion-flex-align-items-flex-start\" style=\"max-width:1300px;margin-left: calc(-4% \/ 2 );margin-right: calc(-4% \/ 2 );\"><\/div><style type=\"text\/css\">.fusion-body .fusion-flex-container.fusion-builder-row-2{ padding-top : 0px;margin-top : 0px;padding-right : 0px;padding-bottom : 0px;margin-bottom : 0px;padding-left : 0px;}<\/style><\/div><div class=\"fusion-fullwidth fullwidth-box fusion-builder-row-3 fusion-flex-container nonhundred-percent-fullwidth non-hundred-percent-height-scrolling\" style=\"background-color: rgba(255,255,255,0);background-position: center center;background-repeat: no-repeat;border-width: 0px 0px 0px 0px;border-color:#ffffff;border-style:solid;\" ><div class=\"fusion-builder-row fusion-row fusion-flex-align-items-flex-start\" style=\"max-width:1300px;margin-left: calc(-4% \/ 2 );margin-right: calc(-4% \/ 2 );\"><div class=\"fusion-layout-column fusion_builder_column fusion-builder-column-1 fusion_builder_column_1_1 1_1 fusion-flex-column\"><div class=\"fusion-column-wrapper fusion-flex-justify-content-flex-start fusion-content-layout-column\" style=\"background-position:left top;background-repeat:no-repeat;-webkit-background-size:cover;-moz-background-size:cover;-o-background-size:cover;background-size:cover;padding: 0px 0px 0px 0px;\"><div class=\"fusion-text fusion-text-2\"><h4 class=\"font_4 fusion-responsive-typography-calculated\" style=\"--fontsize: 19; line-height: 1.47; --minfontsize: 19;\" data-fontsize=\"19\" data-lineheight=\"27px\">1. Defini\u00e7\u00f5es<\/h4>\n<p class=\"font_8\">A declara\u00e7\u00e3o de prote\u00e7\u00e3o de dados do Dr. Giac e do Sr. Marc baseia-se nos termos usados \u200b\u200bpelo legislador europeu para diretivas e regulamentos quando o Regulamento Geral de Prote\u00e7\u00e3o de Dados (GDPR) foi adotado. Nossa declara\u00e7\u00e3o de prote\u00e7\u00e3o de dados deve ser f\u00e1cil de ler e entender para o p\u00fablico, bem como para nossos clientes e parceiros de neg\u00f3cios. Para garantir isso, gostar\u00edamos de explicar os termos usados \u200b\u200bcom anteced\u00eancia.<\/p>\n<p class=\"font_8\">Usamos os seguintes termos nesta declara\u00e7\u00e3o de prote\u00e7\u00e3o de dados:<\/p>\n<ul class=\"font_4\">\n<li>\n<h4 class=\"font_4 fusion-responsive-typography-calculated\" style=\"--fontsize: 19; line-height: 1.47; --minfontsize: 19;\" data-fontsize=\"19\" data-lineheight=\"27px\">a) dados pessoais<\/h4>\n<p class=\"font_8\">Os dados pessoais s\u00e3o todas as informa\u00e7\u00f5es que se referem a uma pessoa singular identificada ou identific\u00e1vel (doravante denominada \"titular dos dados\"). \u00c9 considerada identific\u00e1vel uma pessoa f\u00edsica que, direta ou indiretamente, em particular por meio de atribui\u00e7\u00e3o a um identificador, como um nome, um n\u00famero de identifica\u00e7\u00e3o, dados de localiza\u00e7\u00e3o, um identificador online ou uma ou mais caracter\u00edsticas especiais que expressam o aspecto f\u00edsico, fisiol\u00f3gico, A identidade gen\u00e9tica, psicol\u00f3gica, econ\u00f4mica, cultural ou social dessa pessoa pode ser identificada.<\/p>\n<\/li>\n<li>\n<h4 class=\"font_4 fusion-responsive-typography-calculated\" style=\"--fontsize: 19; line-height: 1.47; --minfontsize: 19;\" data-fontsize=\"19\" data-lineheight=\"27px\">b) titular dos dados<\/h4>\n<p class=\"font_8\">Pessoa afetada \u00e9 qualquer pessoa f\u00edsica identificada ou identific\u00e1vel cujos dados pessoais s\u00e3o processados \u200b\u200bpela pessoa respons\u00e1vel pelo processamento.<\/p>\n<\/li>\n<li>\n<h4 class=\"font_4 fusion-responsive-typography-calculated\" style=\"--fontsize: 19; line-height: 1.47; --minfontsize: 19;\" data-fontsize=\"19\" data-lineheight=\"27px\">c) processamento<\/h4>\n<p class=\"font_8\">Processamento \u00e9 qualquer processo realizado com ou sem a ajuda de procedimentos automatizados ou qualquer s\u00e9rie de processos em conex\u00e3o com dados pessoais, como coleta, registro, organiza\u00e7\u00e3o, classifica\u00e7\u00e3o, armazenamento, adapta\u00e7\u00e3o ou modifica\u00e7\u00e3o, leitura, consulta, uso, Divulga\u00e7\u00e3o por transmiss\u00e3o, dissemina\u00e7\u00e3o ou qualquer outra forma de provis\u00e3o, compara\u00e7\u00e3o ou vincula\u00e7\u00e3o, restri\u00e7\u00e3o, exclus\u00e3o ou destrui\u00e7\u00e3o.<\/p>\n<\/li>\n<li>\n<h4 class=\"font_4 fusion-responsive-typography-calculated\" style=\"--fontsize: 19; line-height: 1.47; --minfontsize: 19;\" data-fontsize=\"19\" data-lineheight=\"27px\">d) restri\u00e7\u00e3o de processamento<\/h4>\n<p class=\"font_8\">Restri\u00e7\u00e3o de processamento \u00e9 a marca\u00e7\u00e3o de dados pessoais armazenados com o objetivo de restringir seu processamento futuro.<\/p>\n<\/li>\n<li>\n<h4 class=\"font_4 fusion-responsive-typography-calculated\" style=\"--fontsize: 19; line-height: 1.47; --minfontsize: 19;\" data-fontsize=\"19\" data-lineheight=\"27px\">e) Perfil<\/h4>\n<p class=\"font_8\">Profiling \u00e9 qualquer tipo de tratamento automatizado de dados pessoais que consiste na utiliza\u00e7\u00e3o desses dados pessoais para avaliar certos aspectos pessoais que dizem respeito a uma pessoa singular, em particular aspectos relacionados com o desempenho no trabalho, situa\u00e7\u00e3o econ\u00f3mica, sa\u00fade, pessoal Analisar ou prever as prefer\u00eancias, interesses, confiabilidade, comportamento, paradeiro ou reloca\u00e7\u00e3o dessa pessoa natural.<\/p>\n<\/li>\n<li>\n<h4 class=\"font_4 fusion-responsive-typography-calculated\" style=\"--fontsize: 19; line-height: 1.47; --minfontsize: 19;\" data-fontsize=\"19\" data-lineheight=\"27px\">f) pseudonimiza\u00e7\u00e3o<\/h4>\n<p class=\"font_8\">Pseudonimiza\u00e7\u00e3o \u00e9 o tratamento de dados pessoais de forma que os dados pessoais n\u00e3o possam mais ser atribu\u00eddos a um determinado titular sem o uso de informa\u00e7\u00f5es adicionais, desde que essas informa\u00e7\u00f5es adicionais sejam armazenadas separadamente e estejam sujeitas a medidas t\u00e9cnicas e organizacionais que garantam que os dados pessoais n\u00e3o pode ser atribu\u00eddo a uma pessoa singular identificada ou identific\u00e1vel.<\/p>\n<\/li>\n<li>\n<h4 class=\"font_4 fusion-responsive-typography-calculated\" style=\"--fontsize: 19; line-height: 1.47; --minfontsize: 19;\" data-fontsize=\"19\" data-lineheight=\"27px\">g) controlador ou controlador<\/h4>\n<p class=\"font_8\">O respons\u00e1vel ou respons\u00e1vel pelo tratamento \u00e9 a pessoa singular ou colectiva, autoridade p\u00fablica, organismo ou outro organismo que, sozinho ou em conjunto com outros, decide sobre os fins e meios de tratamento dos dados pessoais. Se os fins e os meios desse tratamento forem especificados pelo direito da Uni\u00e3o ou dos Estados-Membros, a pessoa respons\u00e1vel ou os crit\u00e9rios espec\u00edficos para a sua nomea\u00e7\u00e3o podem ser definidos de acordo com o direito da Uni\u00e3o ou dos Estados-Membros.<\/p>\n<\/li>\n<li>\n<h4 class=\"font_4 fusion-responsive-typography-calculated\" style=\"--fontsize: 19; line-height: 1.47; --minfontsize: 19;\" data-fontsize=\"19\" data-lineheight=\"27px\">h) Processadores<\/h4>\n<p class=\"font_8\">Processador \u00e9 uma pessoa f\u00edsica ou jur\u00eddica, autoridade, institui\u00e7\u00e3o ou outro \u00f3rg\u00e3o que processa dados pessoais em nome da pessoa respons\u00e1vel.<\/p>\n<\/li>\n<li>\n<h4 class=\"font_4 fusion-responsive-typography-calculated\" style=\"--fontsize: 19; line-height: 1.47; --minfontsize: 19;\" data-fontsize=\"19\" data-lineheight=\"27px\">i) destinat\u00e1rio<\/h4>\n<p class=\"font_8\">O destinat\u00e1rio \u00e9 uma pessoa singular ou coletiva, autoridade, institui\u00e7\u00e3o ou outro \u00f3rg\u00e3o ao qual s\u00e3o divulgados dados pessoais, independentemente de ser ou n\u00e3o um terceiro. As autoridades que podem receber dados pessoais no \u00e2mbito de uma investiga\u00e7\u00e3o espec\u00edfica ao abrigo da legisla\u00e7\u00e3o da Uni\u00e3o ou da legisla\u00e7\u00e3o dos Estados-Membros n\u00e3o s\u00e3o consideradas destinat\u00e1rias.<\/p>\n<\/li>\n<li>\n<h4 class=\"font_4 fusion-responsive-typography-calculated\" style=\"--fontsize: 19; line-height: 1.47; --minfontsize: 19;\" data-fontsize=\"19\" data-lineheight=\"27px\">Um terceiro<\/h4>\n<p class=\"font_8\">Um terceiro \u00e9 uma pessoa singular ou coletiva, autoridade p\u00fablica, ag\u00eancia ou organismo diferente do titular dos dados, do respons\u00e1vel, do processador e das pessoas autorizadas a tratar os dados pessoais sob a responsabilidade direta do respons\u00e1vel ou do processador.<\/p>\n<\/li>\n<li>\n<h4 class=\"font_4 fusion-responsive-typography-calculated\" style=\"--fontsize: 19; line-height: 1.47; --minfontsize: 19;\" data-fontsize=\"19\" data-lineheight=\"27px\">k) Consentimento<\/h4>\n<p class=\"font_8\">O consentimento \u00e9 qualquer declara\u00e7\u00e3o de inten\u00e7\u00e3o volunt\u00e1ria, informada e inequ\u00edvoca dada pela pessoa em causa para o caso espec\u00edfico na forma de uma declara\u00e7\u00e3o ou outra a\u00e7\u00e3o afirmativa inequ\u00edvoca com a qual a pessoa em causa indica que consente com o tratamento dos seus dados pessoais \u00e9.<\/p>\n<\/li>\n<\/ul>\n<\/div><\/div><style type=\"text\/css\">.fusion-body .fusion-builder-column-1{width:100% !important;margin-top : 0px;margin-bottom : 0px;}.fusion-builder-column-1 > .fusion-column-wrapper {padding-top : 0px !important;padding-right : 0px !important;margin-right : 1.92%;padding-bottom : 0px !important;padding-left : 0px !important;margin-left : 1.92%;}@media only screen and (max-width:1024px) {.fusion-body .fusion-builder-column-1{width:100% !important;order : 0;}.fusion-builder-column-1 > .fusion-column-wrapper {margin-right : 1.92%;margin-left : 1.92%;}}@media only screen and (max-width:640px) {.fusion-body .fusion-builder-column-1{width:100% !important;order : 0;}.fusion-builder-column-1 > .fusion-column-wrapper {margin-right : 1.92%;margin-left : 1.92%;}}<\/style><\/div><div class=\"fusion-layout-column fusion_builder_column fusion-builder-column-2 fusion_builder_column_1_1 1_1 fusion-flex-column\"><div class=\"fusion-column-wrapper fusion-flex-justify-content-flex-start fusion-content-layout-column\" style=\"background-position:left top;background-repeat:no-repeat;-webkit-background-size:cover;-moz-background-size:cover;-o-background-size:cover;background-size:cover;padding: 0px 0px 0px 0px;\"><div class=\"fusion-text fusion-text-3\"><h4 class=\"font_4\">2. Nome e endere\u00e7o da pessoa respons\u00e1vel pelo processamento<\/h4>\n<p class=\"font_8\">A pessoa respons\u00e1vel na acep\u00e7\u00e3o do Regulamento Geral de Prote\u00e7\u00e3o de Dados, outras leis de prote\u00e7\u00e3o de dados aplic\u00e1veis \u200b\u200bnos estados membros da Uni\u00e3o Europeia e outras disposi\u00e7\u00f5es de natureza de prote\u00e7\u00e3o de dados \u00e9:<\/p>\n<p>\u201eDr.Giac &amp; Mr.Marc\u201c<\/p>\n<p class=\"font_8\">Giacomo Di Benedetto<\/p>\n<p>Marco Gambardella<\/p>\n<p class=\"font_8\">Reifenstuelstrasse 7<\/p>\n<p class=\"font_8\">80469 Munique<\/p>\n<p class=\"font_8\">Alemanha<\/p>\n<p class=\"font_8\">Tel.: +49 1732727653<\/p>\n<p>Tel.: +49 1738454773<\/p>\n<p>E-Mail: contact@music4lovers.de<\/p>\n<p class=\"font_8\">Website: <object width=\"300\" height=\"0\" data-mce-fragment=\"1\"><a href=\"https:\/\/www.giacomusic.eu\/www.giacomusic.eu\" target=\"_blank\" rel=\"noopener noreferrer\">www.<\/a>music4lovers.de<\/object><\/p>\n<\/div><\/div><style type=\"text\/css\">.fusion-body .fusion-builder-column-2{width:100% !important;margin-top : 0px;margin-bottom : 0px;}.fusion-builder-column-2 > .fusion-column-wrapper {padding-top : 0px !important;padding-right : 0px !important;margin-right : 1.92%;padding-bottom : 0px !important;padding-left : 0px !important;margin-left : 1.92%;}@media only screen and (max-width:1024px) {.fusion-body .fusion-builder-column-2{width:100% !important;order : 0;}.fusion-builder-column-2 > .fusion-column-wrapper {margin-right : 1.92%;margin-left : 1.92%;}}@media only screen and (max-width:640px) {.fusion-body .fusion-builder-column-2{width:100% !important;order : 0;}.fusion-builder-column-2 > .fusion-column-wrapper {margin-right : 1.92%;margin-left : 1.92%;}}<\/style><\/div><div class=\"fusion-layout-column fusion_builder_column fusion-builder-column-3 fusion_builder_column_1_1 1_1 fusion-flex-column\"><div class=\"fusion-column-wrapper fusion-flex-justify-content-flex-start fusion-content-layout-column\" style=\"background-position:left top;background-repeat:no-repeat;-webkit-background-size:cover;-moz-background-size:cover;-o-background-size:cover;background-size:cover;padding: 0px 0px 0px 0px;\"><div class=\"fusion-text fusion-text-4\"><h4 class=\"font_4\">3. Cookies<\/h4>\n<p class=\"font_8\">As p\u00e1ginas da Internet de www.music4lovers.de usam cookies. Cookies s\u00e3o arquivos de texto que s\u00e3o armazenados e armazenados em um sistema de computador por meio de um navegador da Internet.<\/p>\n<p class=\"font_8\">V\u00e1rios sites e servidores usam cookies. Muitos cookies cont\u00eam um denominado ID de cookie. Um ID de cookie \u00e9 um identificador exclusivo do cookie. Consiste em uma sequ\u00eancia de caracteres por meio dos quais sites e servidores podem ser atribu\u00eddos ao navegador de Internet espec\u00edfico no qual o cookie foi armazenado. Isso permite que os sites e servidores visitados diferenciem o navegador individual da pessoa em quest\u00e3o de outros navegadores da Internet que cont\u00eam outros cookies. Um navegador de Internet espec\u00edfico pode ser reconhecido e identificado por meio do ID do cookie exclusivo.<\/p>\n<p class=\"font_8\">Atrav\u00e9s da utiliza\u00e7\u00e3o de cookies, o www.music4lovers.de pode proporcionar aos utilizadores deste site servi\u00e7os mais f\u00e1ceis de utilizar que n\u00e3o seriam poss\u00edveis sem a configura\u00e7\u00e3o dos cookies.<\/p>\n<p class=\"font_8\">Um cookie pode ser usado para otimizar as informa\u00e7\u00f5es e ofertas em nosso site no interesse do usu\u00e1rio. Como j\u00e1 mencionado, os cookies nos permitem reconhecer os usu\u00e1rios do nosso site. O objetivo deste reconhecimento \u00e9 facilitar o uso de nosso site pelos usu\u00e1rios. O usu\u00e1rio de um site que utiliza cookies, por exemplo, n\u00e3o precisa inserir novamente seus dados de acesso cada vez que visita o site, pois isso \u00e9 feito pelo site e pelo cookie armazenado no sistema de computador do usu\u00e1rio. Outro exemplo \u00e9 um cookie de carrinho de compras em uma loja online. A loja online usa um cookie para lembrar os itens que um cliente colocou no carrinho de compras virtual.<\/p>\n<p class=\"font_8\">O interessado pode impedir a qualquer momento a cria\u00e7\u00e3o de cookies pelo nosso site, atrav\u00e9s de uma configura\u00e7\u00e3o correspondente no navegador da Internet utilizado e, assim, opor-se permanentemente \u00e0 configura\u00e7\u00e3o de cookies. Al\u00e9m disso, os cookies que j\u00e1 foram definidos podem ser exclu\u00eddos a qualquer momento por meio de um navegador da Internet ou outros programas de software. Isso \u00e9 poss\u00edvel em todos os navegadores de Internet comuns. Se o interessado desativar a configura\u00e7\u00e3o de cookies no navegador de Internet utilizado, nem todas as fun\u00e7\u00f5es do nosso site poder\u00e3o ser totalmente utiliz\u00e1veis.<\/p>\n<\/div><\/div><style type=\"text\/css\">.fusion-body .fusion-builder-column-3{width:100% !important;margin-top : 0px;margin-bottom : 0px;}.fusion-builder-column-3 > .fusion-column-wrapper {padding-top : 0px !important;padding-right : 0px !important;margin-right : 1.92%;padding-bottom : 0px !important;padding-left : 0px !important;margin-left : 1.92%;}@media only screen and (max-width:1024px) {.fusion-body .fusion-builder-column-3{width:100% !important;order : 0;}.fusion-builder-column-3 > .fusion-column-wrapper {margin-right : 1.92%;margin-left : 1.92%;}}@media only screen and (max-width:640px) {.fusion-body .fusion-builder-column-3{width:100% !important;order : 0;}.fusion-builder-column-3 > .fusion-column-wrapper {margin-right : 1.92%;margin-left : 1.92%;}}<\/style><\/div><div class=\"fusion-layout-column fusion_builder_column fusion-builder-column-4 fusion_builder_column_1_1 1_1 fusion-flex-column\"><div class=\"fusion-column-wrapper fusion-flex-justify-content-flex-start fusion-content-layout-column\" style=\"background-position:left top;background-repeat:no-repeat;-webkit-background-size:cover;-moz-background-size:cover;-o-background-size:cover;background-size:cover;padding: 0px 0px 0px 0px;\"><div class=\"fusion-text fusion-text-5\"><h4 class=\"font_4 fusion-responsive-typography-calculated\" data-fontsize=\"19\" data-lineheight=\"27px\" style=\"--fontSize: 19; line-height: 1.47; --minFontSize: 19;\">4. Recolha de dados e informa\u00e7\u00f5es gerais<\/h4>\n<p class=\"font_8\">O site www.music4lovers.de coleta uma s\u00e9rie de dados e informa\u00e7\u00f5es gerais cada vez que o site \u00e9 acessado por um titular de dados ou sistema automatizado. Esses dados e informa\u00e7\u00f5es gerais s\u00e3o armazenados nos arquivos de log do servidor. Os (1) tipos e vers\u00f5es de navegador usados, (2) o sistema operacional usado pelo sistema de acesso, (3) o site a partir do qual um sistema de acesso chega ao nosso site (o chamado referenciador), (4) os sub-sites que s\u00e3o acessados \u200b\u200bpor meio um sistema de acesso em nosso site pode ser controlado, (5) a data e hora de acesso ao site, (6) um endere\u00e7o de protocolo de internet (endere\u00e7o IP), (7) o provedor de servi\u00e7os de internet do sistema de acesso e (8) outros dados e informa\u00e7\u00f5es semelhantes que servem para evitar perigos no caso de ataques aos nossos sistemas de tecnologia da informa\u00e7\u00e3o.<\/p>\n<p class=\"font_8\">Ao usar esses dados e informa\u00e7\u00f5es gerais, www.music4lovers.de n\u00e3o tira conclus\u00f5es sobre a pessoa em quest\u00e3o. Em vez disso, essas informa\u00e7\u00f5es s\u00e3o necess\u00e1rias para (1) fornecer corretamente o conte\u00fado de nosso site, (2) otimizar o conte\u00fado de nosso site e a publicidade para ele, (3) garantir a funcionalidade de longo prazo de nossos sistemas de tecnologia da informa\u00e7\u00e3o e a tecnologia de nosso site e ( 4) fornecer \u00e0s autoridades policiais as informa\u00e7\u00f5es necess\u00e1rias para a aplica\u00e7\u00e3o da lei no caso de um ataque cibern\u00e9tico. Esses dados e informa\u00e7\u00f5es coletados anonimamente s\u00e3o avaliados estatisticamente por www.music4lovers.de por um lado e, al\u00e9m disso, com o objetivo de aumentar a prote\u00e7\u00e3o e seguran\u00e7a de dados em nossa empresa, a fim de garantir um n\u00edvel ideal de prote\u00e7\u00e3o para os dados pessoais processados \u200b\u200bpor n\u00f3s. Os dados an\u00f4nimos nos arquivos de log do servidor s\u00e3o armazenados separadamente de todos os dados pessoais fornecidos pelo titular dos dados.<\/p>\n<\/div><\/div><style type=\"text\/css\">.fusion-body .fusion-builder-column-4{width:100% !important;margin-top : 0px;margin-bottom : 0px;}.fusion-builder-column-4 > .fusion-column-wrapper {padding-top : 0px !important;padding-right : 0px !important;margin-right : 1.92%;padding-bottom : 0px !important;padding-left : 0px !important;margin-left : 1.92%;}@media only screen and (max-width:1024px) {.fusion-body .fusion-builder-column-4{width:100% !important;order : 0;}.fusion-builder-column-4 > .fusion-column-wrapper {margin-right : 1.92%;margin-left : 1.92%;}}@media only screen and (max-width:640px) {.fusion-body .fusion-builder-column-4{width:100% !important;order : 0;}.fusion-builder-column-4 > .fusion-column-wrapper {margin-right : 1.92%;margin-left : 1.92%;}}<\/style><\/div><div class=\"fusion-layout-column fusion_builder_column fusion-builder-column-5 fusion_builder_column_1_1 1_1 fusion-flex-column\"><div class=\"fusion-column-wrapper fusion-flex-justify-content-flex-start fusion-content-layout-column\" style=\"background-position:left top;background-repeat:no-repeat;-webkit-background-size:cover;-moz-background-size:cover;-o-background-size:cover;background-size:cover;padding: 0px 0px 0px 0px;\"><div class=\"fusion-text fusion-text-6\"><h4 class=\"font_4\">5. Registro em nosso site<\/h4>\n<p class=\"font_8\">O titular dos dados tem a possibilidade de se cadastrar no site do respons\u00e1vel pelo tratamento, fornecendo os dados pessoais. Quais dados pessoais s\u00e3o transmitidos \u00e0 pessoa respons\u00e1vel pelo processamento dos resultados da respectiva m\u00e1scara de entrada que \u00e9 usada para o registro. Os dados pessoais introduzidos pelo titular dos dados s\u00e3o recolhidos e armazenados exclusivamente para uso interno do respons\u00e1vel pelo tratamento e para os seus pr\u00f3prios fins. O respons\u00e1vel pelo processamento pode providenciar que a transfer\u00eancia seja feita para um ou mais processadores, por exemplo um prestador de servi\u00e7os de encomendas, que tamb\u00e9m utiliza os dados pessoais exclusivamente para uso interno atribu\u00edvel \u00e0 pessoa respons\u00e1vel pelo processamento.<\/p>\n<p class=\"font_8\">Ao se cadastrar no site do respons\u00e1vel pelo processamento, o endere\u00e7o IP atribu\u00eddo pelo provedor de servi\u00e7os de Internet (ISP) da pessoa em quest\u00e3o, a data e a hora do cadastro tamb\u00e9m s\u00e3o salvos. Esses dados s\u00e3o armazenados tendo em vista que esta \u00e9 a \u00fanica forma de prevenir o uso indevido de nossos servi\u00e7os e, se necess\u00e1rio, de permitir que crimes sejam investigados. Nesse sentido, o armazenamento desses dados \u00e9 necess\u00e1rio para proteger a pessoa respons\u00e1vel pelo processamento. Esses dados geralmente n\u00e3o s\u00e3o transmitidos a terceiros, a menos que haja uma obriga\u00e7\u00e3o legal de transmiti-los ou sejam usados \u200b\u200bpara processos criminais.<\/p>\n<p class=\"font_8\">O registo do titular dos dados com o fornecimento volunt\u00e1rio de dados pessoais permite ao respons\u00e1vel pelo tratamento oferecer ao titular dos dados conte\u00fados ou servi\u00e7os que, devido \u00e0 natureza da mat\u00e9ria, apenas podem ser oferecidos a utilizadores registados. As pessoas registadas podem alterar os dados pessoais fornecidos durante o registo a qualquer momento ou elimin\u00e1-los totalmente da base de dados do respons\u00e1vel pelo processamento.<\/p>\n<p class=\"font_8\">A pessoa respons\u00e1vel pelo processamento fornecer\u00e1 informa\u00e7\u00f5es a cada pessoa em quest\u00e3o a qualquer momento, mediante solicita\u00e7\u00e3o, sobre quais dados pessoais s\u00e3o armazenados sobre a pessoa em quest\u00e3o. Al\u00e9m disso, o respons\u00e1vel pelo tratamento corrige ou apaga os dados pessoais a pedido ou aconselhamento do interessado, desde que n\u00e3o haja requisitos legais de reten\u00e7\u00e3o. Todos os funcion\u00e1rios da pessoa respons\u00e1vel pelo tratamento est\u00e3o \u00e0 disposi\u00e7\u00e3o do titular dos dados como pessoas de contacto neste contexto.<\/p>\n<\/div><\/div><style type=\"text\/css\">.fusion-body .fusion-builder-column-5{width:100% !important;margin-top : 0px;margin-bottom : 0px;}.fusion-builder-column-5 > .fusion-column-wrapper {padding-top : 0px !important;padding-right : 0px !important;margin-right : 1.92%;padding-bottom : 0px !important;padding-left : 0px !important;margin-left : 1.92%;}@media only screen and (max-width:1024px) {.fusion-body .fusion-builder-column-5{width:100% !important;order : 0;}.fusion-builder-column-5 > .fusion-column-wrapper {margin-right : 1.92%;margin-left : 1.92%;}}@media only screen and (max-width:640px) {.fusion-body .fusion-builder-column-5{width:100% !important;order : 0;}.fusion-builder-column-5 > .fusion-column-wrapper {margin-right : 1.92%;margin-left : 1.92%;}}<\/style><\/div><div class=\"fusion-layout-column fusion_builder_column fusion-builder-column-6 fusion_builder_column_1_1 1_1 fusion-flex-column\"><div class=\"fusion-column-wrapper fusion-flex-justify-content-flex-start fusion-content-layout-column\" style=\"background-position:left top;background-repeat:no-repeat;-webkit-background-size:cover;-moz-background-size:cover;-o-background-size:cover;background-size:cover;padding: 0px 0px 0px 0px;\"><div class=\"fusion-text fusion-text-7\"><h4 class=\"font_4 fusion-responsive-typography-calculated\" data-fontsize=\"19\" data-lineheight=\"27px\" style=\"--fontSize: 19; line-height: 1.47; --minFontSize: 19;\">6. Assinatura de nosso boletim informativo<\/h4>\n<p class=\"font_8\">No site www.music4lovers.de, os usu\u00e1rios t\u00eam a oportunidade de assinar o boletim informativo de nossa empresa. A m\u00e1scara de entrada utilizada para o efeito determina quais os dados pessoais transmitidos ao respons\u00e1vel pelo tratamento no momento da encomenda da newsletter.<\/p>\n<p class=\"font_8\">Www.music4lovers.de informa seus clientes e parceiros de neg\u00f3cios em intervalos regulares por meio de um boletim informativo sobre as ofertas da empresa. A newsletter da nossa empresa s\u00f3 pode ser recebida pelo interessado se (1) a pessoa em quest\u00e3o tiver um endere\u00e7o de e-mail v\u00e1lido e (2) a pessoa em causa se registar para receber a newsletter. Por raz\u00f5es jur\u00eddicas, ser\u00e1 enviado um e-mail de confirma\u00e7\u00e3o para o endere\u00e7o de e-mail informado pelo interessado pela primeira vez para o envio da newsletter atrav\u00e9s do procedimento de double opt-in. Este email de confirma\u00e7\u00e3o \u00e9 utilizado para verificar se o propriet\u00e1rio do endere\u00e7o de email, enquanto pessoa em causa, autorizou a recep\u00e7\u00e3o da newsletter.<\/p>\n<p class=\"font_8\">Ao inscrever-se na newsletter, guardamos tamb\u00e9m o endere\u00e7o IP atribu\u00eddo pelo fornecedor de servi\u00e7os de Internet (ISP) do sistema inform\u00e1tico utilizado pelo interessado no momento do registo, bem como a data e hora do registo. A recolha destes dados \u00e9 necess\u00e1ria para poder detectar a (poss\u00edvel) utiliza\u00e7\u00e3o indevida do endere\u00e7o de correio eletr\u00f3nico de uma pessoa em causa num momento posterior e, portanto, serve \u00e0 prote\u00e7\u00e3o jur\u00eddica da pessoa respons\u00e1vel pelo tratamento.<\/p>\n<p class=\"font_8\">Os dados pessoais recolhidos no momento do registo na newsletter ser\u00e3o apenas utilizados para o envio da nossa newsletter. Al\u00e9m disso, os subscritores da newsletter poder\u00e3o ser informados por e-mail se tal \u00e9 necess\u00e1rio para o funcionamento do servi\u00e7o de newsletter ou um registo relevante, como poder\u00e1 ser o caso no caso de altera\u00e7\u00f5es na oferta da newsletter ou altera\u00e7\u00f5es nas condi\u00e7\u00f5es t\u00e9cnicas. Os dados pessoais recolhidos no \u00e2mbito do servi\u00e7o de newsletter n\u00e3o s\u00e3o repassados \u200b\u200ba terceiros. O titular dos dados pode cancelar a assinatura da nossa newsletter a qualquer momento. O consentimento para o armazenamento de dados pessoais que o interessado nos tenha dado para o envio da newsletter pode ser revogado a qualquer momento. Existe um link correspondente em cada boletim informativo com o prop\u00f3sito de retirar o consentimento. Al\u00e9m disso, existe a possibilidade de cancelar o envio da newsletter directamente no site do respons\u00e1vel pelo tratamento ou de informar o respons\u00e1vel pelo tratamento de outra forma.<\/p>\n<\/div><\/div><style type=\"text\/css\">.fusion-body .fusion-builder-column-6{width:100% !important;margin-top : 0px;margin-bottom : 0px;}.fusion-builder-column-6 > .fusion-column-wrapper {padding-top : 0px !important;padding-right : 0px !important;margin-right : 1.92%;padding-bottom : 0px !important;padding-left : 0px !important;margin-left : 1.92%;}@media only screen and (max-width:1024px) {.fusion-body .fusion-builder-column-6{width:100% !important;order : 0;}.fusion-builder-column-6 > .fusion-column-wrapper {margin-right : 1.92%;margin-left : 1.92%;}}@media only screen and (max-width:640px) {.fusion-body .fusion-builder-column-6{width:100% !important;order : 0;}.fusion-builder-column-6 > .fusion-column-wrapper {margin-right : 1.92%;margin-left : 1.92%;}}<\/style><\/div><div class=\"fusion-layout-column fusion_builder_column fusion-builder-column-7 fusion_builder_column_1_1 1_1 fusion-flex-column\"><div class=\"fusion-column-wrapper fusion-flex-justify-content-flex-start fusion-content-layout-column\" style=\"background-position:left top;background-repeat:no-repeat;-webkit-background-size:cover;-moz-background-size:cover;-o-background-size:cover;background-size:cover;padding: 0px 0px 0px 0px;\"><div class=\"fusion-text fusion-text-8\"><h4 class=\"font_4 fusion-responsive-typography-calculated\" data-fontsize=\"19\" data-lineheight=\"27px\" style=\"--fontSize: 19; line-height: 1.47; --minFontSize: 19;\">7. Rastreamento de Boletim Informativo<\/h4>\n<p class=\"font_8\">Os boletins informativos de www.music4lovers.de cont\u00eam os chamados pixels de rastreamento. Um pixel de rastreamento \u00e9 um gr\u00e1fico em miniatura embutido em e-mails que s\u00e3o enviados em formato HTML para permitir o registro e a an\u00e1lise do arquivo de log. Isso permite uma avalia\u00e7\u00e3o estat\u00edstica do sucesso ou fracasso das campanhas de marketing online a serem realizadas. Usando o pixel de rastreamento incorporado, www.music4lovers.deo pode reconhecer se e quando um e-mail foi aberto por uma pessoa em quest\u00e3o e quais links no e-mail foram chamados pela pessoa em quest\u00e3o.<\/p>\n<p class=\"font_8\">Os dados pessoais recolhidos atrav\u00e9s dos tracking pixels contidos nas newsletters s\u00e3o armazenados e avaliados pelo respons\u00e1vel pelo tratamento, de forma a otimizar o envio da newsletter e a adaptar melhor o conte\u00fado das futuras newsletters aos interesses do interessado. Esses dados pessoais n\u00e3o ser\u00e3o repassados \u200b\u200ba terceiros. As pessoas afetadas t\u00eam o direito de, a qualquer momento, revogar a declara\u00e7\u00e3o de consentimento separada relevante fornecida por meio do procedimento de dupla ades\u00e3o. Ap\u00f3s a revoga\u00e7\u00e3o, estes dados pessoais ser\u00e3o apagados pelo respons\u00e1vel pelo tratamento. O www.music4lovers.de interpreta automaticamente o cancelamento do recebimento da newsletter como revoga\u00e7\u00e3o.<\/p>\n<\/div><\/div><style type=\"text\/css\">.fusion-body .fusion-builder-column-7{width:100% !important;margin-top : 0px;margin-bottom : 0px;}.fusion-builder-column-7 > .fusion-column-wrapper {padding-top : 0px !important;padding-right : 0px !important;margin-right : 1.92%;padding-bottom : 0px !important;padding-left : 0px !important;margin-left : 1.92%;}@media only screen and (max-width:1024px) {.fusion-body .fusion-builder-column-7{width:100% !important;order : 0;}.fusion-builder-column-7 > .fusion-column-wrapper {margin-right : 1.92%;margin-left : 1.92%;}}@media only screen and (max-width:640px) {.fusion-body .fusion-builder-column-7{width:100% !important;order : 0;}.fusion-builder-column-7 > .fusion-column-wrapper {margin-right : 1.92%;margin-left : 1.92%;}}<\/style><\/div><div class=\"fusion-layout-column fusion_builder_column fusion-builder-column-8 fusion_builder_column_1_1 1_1 fusion-flex-column\"><div class=\"fusion-column-wrapper fusion-flex-justify-content-flex-start fusion-content-layout-column\" style=\"background-position:left top;background-repeat:no-repeat;-webkit-background-size:cover;-moz-background-size:cover;-o-background-size:cover;background-size:cover;padding: 0px 0px 0px 0px;\"><div class=\"fusion-text fusion-text-9\"><h4 class=\"font_4 fusion-responsive-typography-calculated\" style=\"--fontsize: 19; line-height: 1.47; --minfontsize: 19;\" data-fontsize=\"19\" data-lineheight=\"27px\">8. Op\u00e7\u00f5es de contato pelo site<\/h4>\n<p class=\"font_8\">Por norma legal, o site www.music4lovers.de cont\u00e9m informa\u00e7\u00f5es que permitem um r\u00e1pido contato eletr\u00f4nico com nossa empresa e a comunica\u00e7\u00e3o direta conosco, que inclui tamb\u00e9m um endere\u00e7o geral para o chamado correio eletr\u00f4nico (endere\u00e7o de e-mail). Se um interessado contactar o respons\u00e1vel pelo processamento por email ou formul\u00e1rio de contacto, os dados pessoais transmitidos pelo interessado ser\u00e3o guardados automaticamente. Esses dados pessoais transmitidos voluntariamente por um titular de dados \u00e0 pessoa respons\u00e1vel pelo processamento s\u00e3o armazenados para fins de processamento ou contato com o titular dos dados. Esses dados pessoais n\u00e3o s\u00e3o repassados \u200b\u200ba terceiros.<\/p>\n<\/div><\/div><style type=\"text\/css\">.fusion-body .fusion-builder-column-8{width:100% !important;margin-top : 0px;margin-bottom : 0px;}.fusion-builder-column-8 > .fusion-column-wrapper {padding-top : 0px !important;padding-right : 0px !important;margin-right : 1.92%;padding-bottom : 0px !important;padding-left : 0px !important;margin-left : 1.92%;}@media only screen and (max-width:1024px) {.fusion-body .fusion-builder-column-8{width:100% !important;order : 0;}.fusion-builder-column-8 > .fusion-column-wrapper {margin-right : 1.92%;margin-left : 1.92%;}}@media only screen and (max-width:640px) {.fusion-body .fusion-builder-column-8{width:100% !important;order : 0;}.fusion-builder-column-8 > .fusion-column-wrapper {margin-right : 1.92%;margin-left : 1.92%;}}<\/style><\/div><div class=\"fusion-layout-column fusion_builder_column fusion-builder-column-9 fusion_builder_column_1_1 1_1 fusion-flex-column\"><div class=\"fusion-column-wrapper fusion-flex-justify-content-flex-start fusion-content-layout-column\" style=\"background-position:left top;background-repeat:no-repeat;-webkit-background-size:cover;-moz-background-size:cover;-o-background-size:cover;background-size:cover;padding: 0px 0px 0px 0px;\"><div class=\"fusion-text fusion-text-10\"><h4 class=\"font_4\">9. Exclus\u00e3o e bloqueio de rotina de dados pessoais<\/h4>\n<p class=\"font_8\">A pessoa respons\u00e1vel pelo processamento, processa e armazena os dados pessoais do titular dos dados apenas pelo per\u00edodo de tempo necess\u00e1rio para atingir a finalidade de armazenamento ou se isso for especificado pelas diretivas e regulamentos europeus ou outro legislador em leis ou regulamentos, que a pessoa respons\u00e1vel pelo processamento est\u00e1 sujeito a, foi fornecido.<\/p>\n<p class=\"font_8\">Se a finalidade de armazenamento deixar de se aplicar ou se expirar um per\u00edodo de armazenamento prescrito pelas diretivas e regulamentos europeus ou outro legislador respons\u00e1vel, os dados pessoais ser\u00e3o bloqueados ou apagados de forma rotineira de acordo com as disposi\u00e7\u00f5es legais.<\/p>\n<\/div><\/div><style type=\"text\/css\">.fusion-body .fusion-builder-column-9{width:100% !important;margin-top : 0px;margin-bottom : 0px;}.fusion-builder-column-9 > .fusion-column-wrapper {padding-top : 0px !important;padding-right : 0px !important;margin-right : 1.92%;padding-bottom : 0px !important;padding-left : 0px !important;margin-left : 1.92%;}@media only screen and (max-width:1024px) {.fusion-body .fusion-builder-column-9{width:100% !important;order : 0;}.fusion-builder-column-9 > .fusion-column-wrapper {margin-right : 1.92%;margin-left : 1.92%;}}@media only screen and (max-width:640px) {.fusion-body .fusion-builder-column-9{width:100% !important;order : 0;}.fusion-builder-column-9 > .fusion-column-wrapper {margin-right : 1.92%;margin-left : 1.92%;}}<\/style><\/div><div class=\"fusion-layout-column fusion_builder_column fusion-builder-column-10 fusion_builder_column_1_1 1_1 fusion-flex-column\"><div class=\"fusion-column-wrapper fusion-flex-justify-content-flex-start fusion-content-layout-column\" style=\"background-position:left top;background-repeat:no-repeat;-webkit-background-size:cover;-moz-background-size:cover;-o-background-size:cover;background-size:cover;padding: 0px 0px 0px 0px;\"><div class=\"fusion-text fusion-text-11\"><h4 class=\"font_4\">10. Direitos do titular dos dados<\/h4>\n<ul class=\"font_4\">\n<li>\n<h4 class=\"font_4\">a) Direito \u00e0 confirma\u00e7\u00e3o<\/h4>\n<p class=\"font_8\">Todas as pessoas em causa t\u00eam o direito concedido pela directiva e regulamenta\u00e7\u00e3o europeias de solicitar \u00e0 pessoa respons\u00e1vel pelo tratamento a confirma\u00e7\u00e3o de que os dados pessoais que lhes dizem respeito est\u00e3o a ser processados. Se o titular dos dados desejar fazer uso deste direito de confirma\u00e7\u00e3o, pode entrar em contato com um funcion\u00e1rio da pessoa respons\u00e1vel pelo processamento a qualquer momento.<\/p>\n<\/li>\n<li>\n<h4 class=\"font_4\">b) Direito \u00e0 informa\u00e7\u00e3o<\/h4>\n<p class=\"font_8\">Qualquer pessoa afectada pelo tratamento de dados pessoais tem o direito, concedido pelo legislador europeu de directivas e regulamentos, a receber informa\u00e7\u00e3o gratuita sobre os dados pessoais guardados sobre ela e uma c\u00f3pia dessa informa\u00e7\u00e3o da pessoa respons\u00e1vel pelo tratamento a qualquer momento. Al\u00e9m disso, as diretivas e regulamentos europeus concedem ao titular dos dados acesso \u00e0s seguintes informa\u00e7\u00f5es:<\/p>\n<ul class=\"font_8\">\n<li>\n<p class=\"font_8\">os prop\u00f3sitos de processamento<\/p>\n<\/li>\n<li>\n<p class=\"font_8\">as categorias de dados pessoais que s\u00e3o processados<\/p>\n<\/li>\n<li>\n<p class=\"font_8\">os destinat\u00e1rios ou categorias de destinat\u00e1rios a quem os dados pessoais foram divulgados ou ainda est\u00e3o a ser divulgados, em particular a destinat\u00e1rios em pa\u00edses terceiros ou organiza\u00e7\u00f5es internacionais<\/p>\n<\/li>\n<li>\n<p class=\"font_8\">se poss\u00edvel, a dura\u00e7\u00e3o planejada para a qual os dados pessoais ser\u00e3o armazenados ou, se isso n\u00e3o for poss\u00edvel, os crit\u00e9rios para determinar essa dura\u00e7\u00e3o<\/p>\n<\/li>\n<li>\n<p class=\"font_8\">a exist\u00eancia de um direito de corre\u00e7\u00e3o ou exclus\u00e3o de dados pessoais relativos a voc\u00ea ou de restri\u00e7\u00e3o de processamento pela pessoa respons\u00e1vel ou o direito de se opor a este processamento<\/p>\n<\/li>\n<li>\n<p class=\"font_8\">a exist\u00eancia de um direito de apela\u00e7\u00e3o a uma autoridade supervisora<\/p>\n<\/li>\n<li>\n<p class=\"font_8\">se os dados pessoais n\u00e3o forem coletados do titular dos dados: Todas as informa\u00e7\u00f5es dispon\u00edveis sobre a origem dos dados<\/p>\n<\/li>\n<li>\n<p class=\"font_8\">a exist\u00eancia de tomada de decis\u00e3o automatizada, incluindo a cria\u00e7\u00e3o de perfis de acordo com o Artigo 22 (1) e (4) do RGPD e - pelo menos nesses casos - informa\u00e7\u00f5es significativas sobre a l\u00f3gica envolvida e o escopo e os efeitos pretendidos de tal tratamento para o titular dos dados<\/p>\n<\/li>\n<\/ul>\n<p class=\"font_8\">Al\u00e9m disso, o titular dos dados tem direito \u00e0 informa\u00e7\u00e3o sobre se os dados pessoais foram transmitidos a um pa\u00eds terceiro ou a uma organiza\u00e7\u00e3o internacional. Nesse caso, o titular dos dados tem o direito de receber informa\u00e7\u00f5es sobre as garantias adequadas em rela\u00e7\u00e3o \u00e0 transmiss\u00e3o.<\/p>\n<p class=\"font_8\">Se uma pessoa interessada deseja exercer este direito \u00e0 informa\u00e7\u00e3o, pode entrar em contato com um funcion\u00e1rio da pessoa respons\u00e1vel pelo processamento a qualquer momento.<\/p>\n<\/li>\n<li>\n<h4 class=\"font_4\">c) Direito \u00e0 retifica\u00e7\u00e3o<\/h4>\n<p class=\"font_8\">Todas as pessoas afetadas pelo tratamento de dados pessoais t\u00eam o direito concedido pelo legislador europeu de diretivas e regulamentos de solicitar a corre\u00e7\u00e3o imediata dos dados pessoais incorretos que lhes digam respeito. Al\u00e9m disso, o titular dos dados tem o direito de, tendo em conta as finalidades do tratamento, solicitar o preenchimento de dados pessoais incompletos - inclusive por meio de declara\u00e7\u00e3o complementar.<\/p>\n<p class=\"font_8\">Se um titular de dados deseja exercer este direito de retifica\u00e7\u00e3o, ele pode contatar um funcion\u00e1rio da pessoa respons\u00e1vel pelo processamento a qualquer momento.<\/p>\n<\/li>\n<li>\n<h4 class=\"font_4\">d) Direito ao apagamento (direito ao esquecimento)<\/h4>\n<p class=\"font_8\">Todas as pessoas afectadas pelo tratamento de dados pessoais t\u00eam o direito concedido pela directiva e regulamenta\u00e7\u00e3o europeias de exigir que o respons\u00e1vel elimine imediatamente os dados pessoais que lhes dizem respeito, desde que se aplique um dos seguintes motivos e desde que o tratamento n\u00e3o seja necess\u00e1rio:<\/p>\n<ul class=\"font_8\">\n<li>\n<p class=\"font_8\">Os dados pessoais foram recolhidos ou de outra forma processados \u200b\u200bpara fins para os quais j\u00e1 n\u00e3o s\u00e3o necess\u00e1rios.<\/p>\n<\/li>\n<li>\n<p class=\"font_8\">O titular dos dados revoga o consentimento em que se baseou o tratamento, em conformidade com o artigo 6.\u00ba, n.\u00ba 1, al\u00ednea a), do RGPD ou com o artigo 9.\u00ba, n.\u00ba 2, al\u00ednea a), do RGPD e n\u00e3o existe outra base jur\u00eddica para o tratamento.<\/p>\n<\/li>\n<li>\n<p class=\"font_8\">O titular dos dados se op\u00f5e ao tratamento de acordo com o Art. 21 \u00a7 1 do RGPD, e n\u00e3o existem raz\u00f5es leg\u00edtimas imperiosas para o tratamento, ou o titular dos dados se op\u00f5e ao tratamento de acordo com o Art. 21 \u00a7 2\u00ba do RGPD ao Processando a.<\/p>\n<\/li>\n<li>\n<p class=\"font_8\">Os dados pessoais foram processados \u200b\u200bilegalmente.<\/p>\n<\/li>\n<li>\n<p class=\"font_8\">A elimina\u00e7\u00e3o de dados pessoais \u00e9 necess\u00e1ria para cumprir uma obriga\u00e7\u00e3o legal ao abrigo da legisla\u00e7\u00e3o da Uni\u00e3o ou da legisla\u00e7\u00e3o dos Estados-Membros a que a pessoa respons\u00e1vel est\u00e1 sujeita.<\/p>\n<\/li>\n<li>\n<p class=\"font_8\">Os dados pessoais foram recolhidos em rela\u00e7\u00e3o aos servi\u00e7os da sociedade da informa\u00e7\u00e3o oferecidos de acordo com o Art. 8.\u00ba, n.\u00ba 1 do RGPD.<\/p>\n<\/li>\n<\/ul>\n<p class=\"font_8\">Se um dos motivos acima se aplicar e um titular dos dados desejar que os dados pessoais armazenados em www.music4lovers.de sejam exclu\u00eddos, ele pode entrar em contato com um funcion\u00e1rio da pessoa respons\u00e1vel pelo processamento a qualquer momento. O funcion\u00e1rio de www.music4lovers.de providenciar\u00e1 para que o pedido de exclus\u00e3o seja atendido imediatamente.<\/p>\n<p class=\"font_8\">Se os dados pessoais foram tornados p\u00fablicos por www.music4lovers.de e a nossa empresa, como respons\u00e1vel, \u00e9 obrigada a apagar os dados pessoais de acordo com o Art. 17 Par\u00e1grafo 1 do GDPR, www.music4lovers.de leva em considera\u00e7\u00e3o a tecnologia dispon\u00edvel e Medidas adequadas aos custos de implementa\u00e7\u00e3o, incluindo medidas t\u00e9cnicas, a fim de informar outros processadores de dados que processam os dados pessoais publicados que o titular dos dados solicitou a elimina\u00e7\u00e3o de todos os links para esses dados pessoais ou desses outros processadores de dados Solicitou c\u00f3pias ou replica\u00e7\u00f5es destes dados pessoais, na medida em que o processamento n\u00e3o seja necess\u00e1rio. O funcion\u00e1rio de www.music4lovers.de providenciar\u00e1 o necess\u00e1rio em casos individuais.<\/p>\n<\/li>\n<li>\n<h4 class=\"font_4\">e) Direito de restri\u00e7\u00e3o de processamento<\/h4>\n<p class=\"font_8\">Todas as pessoas afetadas pelo tratamento de dados pessoais t\u00eam o direito concedido pelo legislador europeu de diretivas e regulamentos de exigir que o respons\u00e1vel pelo tratamento restrinja o processamento se uma das seguintes condi\u00e7\u00f5es for atendida:<\/p>\n<ul class=\"font_8\">\n<li>\n<p class=\"font_8\">A correc\u00e7\u00e3o dos dados pessoais \u00e9 contestada pelo titular dos dados por um per\u00edodo que permite ao respons\u00e1vel verificar a correc\u00e7\u00e3o dos dados pessoais.<\/p>\n<\/li>\n<li>\n<p class=\"font_8\">O tratamento \u00e9 ilegal, a pessoa em causa recusa-se a eliminar os dados pessoais e, em vez disso, solicita a restri\u00e7\u00e3o da utiliza\u00e7\u00e3o dos dados pessoais.<\/p>\n<\/li>\n<li>\n<p class=\"font_8\">A pessoa respons\u00e1vel n\u00e3o precisa mais dos dados pessoais para fins de processamento, mas o titular dos dados precisa deles para fazer valer, exercer ou defender a\u00e7\u00f5es judiciais.<\/p>\n<\/li>\n<li>\n<p class=\"font_8\">O titular dos dados tem uma obje\u00e7\u00e3o ao processamento de acc. Art. 21, par\u00e1grafo 1 do RGPD e ainda n\u00e3o foi determinado se as raz\u00f5es leg\u00edtimas da pessoa respons\u00e1vel superam as da pessoa em causa.<\/p>\n<\/li>\n<\/ul>\n<p class=\"font_8\">Se uma das condi\u00e7\u00f5es acima for satisfeita e o interessado desejar solicitar a restri\u00e7\u00e3o dos dados pessoais armazenados em www.music4lovers.de, pode entrar em contato com um funcion\u00e1rio da pessoa respons\u00e1vel pelo processamento a qualquer momento. O funcion\u00e1rio de www.music4lovers.de providenciar\u00e1 a restri\u00e7\u00e3o do processamento.<\/p>\n<\/li>\n<li>\n<h4 class=\"font_4\">f) Direito \u00e0 portabilidade de dados<\/h4>\n<p class=\"font_8\">Todas as pessoas afetadas pelo tratamento de dados pessoais t\u00eam o direito concedido pelo legislador europeu de diretivas e regulamentos de receber os dados pessoais que lhes dizem respeito, que foram disponibilizados a um respons\u00e1vel pela pessoa em causa, num formato estruturado, comum e leg\u00edvel por m\u00e1quina. Voc\u00ea tamb\u00e9m tem o direito de transferir esses dados para outra pessoa respons\u00e1vel sem impedimento do respons\u00e1vel a quem os dados pessoais foram fornecidos, desde que o processamento seja baseado no consentimento nos termos do Art. 6 Par\u00e1grafo. 1 Carta a RGPD ou Art. 9 Par\u00e1grafo . 2 letra a DS-GVO ou em um contrato de acordo com o Art. 6 par\u00e1grafo 1 letra b DS-GVO e o processamento \u00e9 realizado com a ajuda de procedimentos automatizados, a menos que o processamento seja necess\u00e1rio para o desempenho de uma tarefa que seja de interesse p\u00fablico ou ocorre no exerc\u00edcio da autoridade p\u00fablica, que foi atribu\u00edda ao respons\u00e1vel.<\/p>\n<p class=\"font_8\">Al\u00e9m disso, ao exercer o seu direito \u00e0 portabilidade de dados de acordo com o Art. 20 (1) GDPR, o titular dos dados tem o direito de que os dados pessoais sejam transmitidos diretamente de um respons\u00e1vel para outro, na medida em que seja tecnicamente vi\u00e1vel e fornecido isso n\u00e3o afeta os direitos e liberdades de outras pessoas.<\/p>\n<p class=\"font_8\">Para fazer valer o direito \u00e0 portabilidade dos dados, o interessado pode entrar em contato com um funcion\u00e1rio do www.music4lovers.de a qualquer momento.<\/p>\n<\/li>\n<li>\n<h4 class=\"font_4\">g) Direito de contestar<\/h4>\n<p class=\"font_8\">Qualquer pessoa afetada pelo tratamento de dados pessoais tem o direito concedido pelo legislador europeu de diretivas e regulamentos de se opor a qualquer momento ao tratamento de dados pessoais que lhes digam respeito, que se baseia no artigo 6.\u00ba, n.\u00ba 1, al\u00ednea e) ou f DS-GVO ocorre para objetar. Isso tamb\u00e9m se aplica a perfis com base nessas disposi\u00e7\u00f5es.<\/p>\n<p class=\"font_8\">O www.music4lovers.de n\u00e3o processa mais os dados pessoais no caso de uma obje\u00e7\u00e3o, a menos que possamos provar raz\u00f5es leg\u00edtimas para o tratamento que superam os interesses, direitos e liberdades do titular dos dados, ou o processamento serve para afirmar Exerc\u00edcio ou defesa de a\u00e7\u00f5es judiciais.<\/p>\n<p class=\"font_8\">Se www.music4lovers.de processar dados pessoais para operar mala direta, o titular dos dados tem o direito de se opor a qualquer momento ao tratamento de dados pessoais para fins de publicidade. Isso tamb\u00e9m se aplica \u00e0 cria\u00e7\u00e3o de perfis, na medida em que esteja relacionada a tal publicidade direta. Se o titular dos dados objetar ao processamento de www.music4lovers.de para fins de marketing direto, www.music4lovers.de n\u00e3o processar\u00e1 mais os dados pessoais para esses fins.<\/p>\n<p class=\"font_8\">Al\u00e9m disso, o titular dos dados tem o direito, por motivos decorrentes da sua situa\u00e7\u00e3o particular, de se opor ao tratamento de dados pessoais que lhes digam respeito, efectuado em www.music4lovers.de para fins de investiga\u00e7\u00e3o cient\u00edfica ou hist\u00f3rica ou para fins estat\u00edsticos de acordo com o Art. 89 Par. 1 GDPR, objetar, a menos que tal processamento seja necess\u00e1rio para cumprir uma tarefa de interesse p\u00fablico.<\/p>\n<p class=\"font_8\">Para exercer o direito de oposi\u00e7\u00e3o, a pessoa em quest\u00e3o pode entrar em contato com qualquer funcion\u00e1rio do www.music4lovers.de ou outro funcion\u00e1rio diretamente. O titular dos dados tamb\u00e9m pode, no \u00e2mbito da utiliza\u00e7\u00e3o dos servi\u00e7os da sociedade da informa\u00e7\u00e3o, independentemente do disposto na Diretiva 2002\/58 \/ CE, exercer o seu direito de oposi\u00e7\u00e3o por meio de procedimentos automatizados em que s\u00e3o utilizadas especifica\u00e7\u00f5es t\u00e9cnicas.<\/p>\n<\/li>\n<li>\n<h4 class=\"font_4\">h) Decis\u00f5es automatizadas em casos individuais, incluindo perfis<\/h4>\n<p class=\"font_8\">Todas as pessoas afetadas pelo tratamento de dados pessoais t\u00eam o direito concedido pelo legislador europeu de diretivas e regulamentos de n\u00e3o ser submetido a uma decis\u00e3o baseada exclusivamente no processamento automatizado - incluindo perfis - que tem um efeito jur\u00eddico sobre eles ou os afeta significativamente de forma semelhante se a decis\u00e3o (1) n\u00e3o for necess\u00e1ria para a celebra\u00e7\u00e3o ou execu\u00e7\u00e3o de um contrato entre o titular dos dados e o respons\u00e1vel, ou (2) for permitida com base na legisla\u00e7\u00e3o da Uni\u00e3o ou do Estado-Membro a que a pessoa respons\u00e1vel est\u00e1 sujeita e esta legisla\u00e7\u00e3o tomar as medidas adequadas para salvaguardar os direitos e liberdades, bem como os interesses leg\u00edtimos do titular dos dados ou (3) \u00e9 feita com o consentimento expresso do titular dos dados.<\/p>\n<p class=\"font_8\">Se a decis\u00e3o (1) for necess\u00e1ria para a celebra\u00e7\u00e3o ou execu\u00e7\u00e3o de um contrato entre o titular dos dados e o respons\u00e1vel ou (2) for feita com o consentimento expresso do titular dos dados, www.music4lovers.de toma as medidas adequadas para salvaguardar os direitos e liberdades bem como para salvaguardar os leg\u00edtimos interesses do titular dos dados, incluindo, pelo menos, o direito de obter a interven\u00e7\u00e3o de uma pessoa por parte do respons\u00e1vel, de expressar o seu ponto de vista e de contestar a decis\u00e3o.<\/p>\n<p class=\"font_8\">Se o titular dos dados deseja fazer valer os direitos em rela\u00e7\u00e3o \u00e0s decis\u00f5es automatizadas, ele pode entrar em contato com um funcion\u00e1rio do controlador a qualquer momento.<\/p>\n<\/li>\n<li>\n<h4 class=\"font_4\">i) Direito de retirar o consentimento de acordo com a lei de prote\u00e7\u00e3o de dados<\/h4>\n<p class=\"font_8\">Todas as pessoas afetadas pelo tratamento de dados pessoais t\u00eam o direito concedido pelo legislador europeu de diretivas e regulamentos de revogar o consentimento para o tratamento de dados pessoais a qualquer momento.<\/p>\n<p class=\"font_8\">Se o titular dos dados desejar fazer valer o seu direito de retirar o consentimento, pode entrar em contato com um funcion\u00e1rio da pessoa respons\u00e1vel pelo processamento a qualquer momento.<\/p>\n<\/li>\n<\/ul>\n<\/div><\/div><style type=\"text\/css\">.fusion-body .fusion-builder-column-10{width:100% !important;margin-top : 0px;margin-bottom : 0px;}.fusion-builder-column-10 > .fusion-column-wrapper {padding-top : 0px !important;padding-right : 0px !important;margin-right : 1.92%;padding-bottom : 0px !important;padding-left : 0px !important;margin-left : 1.92%;}@media only screen and (max-width:1024px) {.fusion-body .fusion-builder-column-10{width:100% !important;order : 0;}.fusion-builder-column-10 > .fusion-column-wrapper {margin-right : 1.92%;margin-left : 1.92%;}}@media only screen and (max-width:640px) {.fusion-body .fusion-builder-column-10{width:100% !important;order : 0;}.fusion-builder-column-10 > .fusion-column-wrapper {margin-right : 1.92%;margin-left : 1.92%;}}<\/style><\/div><div class=\"fusion-layout-column fusion_builder_column fusion-builder-column-11 fusion_builder_column_1_1 1_1 fusion-flex-column\"><div class=\"fusion-column-wrapper fusion-flex-justify-content-flex-start fusion-content-layout-column\" style=\"background-position:left top;background-repeat:no-repeat;-webkit-background-size:cover;-moz-background-size:cover;-o-background-size:cover;background-size:cover;padding: 0px 0px 0px 0px;\"><div class=\"fusion-text fusion-text-12\"><h4 class=\"font_4\">11. Disposi\u00e7\u00f5es de prote\u00e7\u00e3o de dados sobre a aplica\u00e7\u00e3o e uso do Facebook<\/h4>\n<p class=\"font_8\">O respons\u00e1vel pelo processamento integrou componentes do Facebook da empresa neste site. Facebook \u00e9 uma rede social.<\/p>\n<p class=\"font_8\">Uma rede social \u00e9 um ponto de encontro social operado na Internet, uma comunidade online que geralmente permite que os usu\u00e1rios se comuniquem entre si e interajam em um espa\u00e7o virtual. Uma rede social pode servir como uma plataforma para troca de opini\u00f5es e experi\u00eancias, ou permite que a comunidade da Internet forne\u00e7a informa\u00e7\u00f5es pessoais ou relacionadas \u00e0 empresa. Entre outras coisas, o Facebook permite aos usu\u00e1rios da rede social criar perfis privados, fazer upload de fotos e rede por meio de pedidos de amizade.<\/p>\n<p class=\"font_8\">A empresa operadora do Facebook \u00e9 Facebook, Inc., 1 Hacker Way, Menlo Park, CA 94025, EUA. Se o titular dos dados residir fora dos EUA ou Canad\u00e1, a pessoa respons\u00e1vel pelo processamento dos dados pessoais \u00e9 Facebook Ireland Ltd., 4 Grand Canal Square, Grand Canal Harbour, Dublin 2, Irlanda.<\/p>\n<p class=\"font_8\">Cada vez que se acede a uma das p\u00e1ginas individuais deste site, que \u00e9 operada pelo respons\u00e1vel pelo tratamento e na qual tenha sido integrado um componente do Facebook (plug-in do Facebook), o navegador de Internet do sistema inform\u00e1tico do interessado \u00e9 automaticamente activado pelo respectivo Facebook -Componente faz com que uma representa\u00e7\u00e3o do componente correspondente do Facebook seja baixado do Facebook. Uma vis\u00e3o geral completa de todos os plug-ins do Facebook pode ser encontrada em <object width=\"300\" height=\"0\" data-mce-fragment=\"1\"><a href=\"https:\/\/developers.facebook.com\/docs\/plugins\/?locale=de_DE\" target=\"_blank\" rel=\"noopener noreferrer\">https:\/\/developers.facebook.com\/docs\/plugins\/?locale=de_DE<\/a><\/object> Pode ser acessado. Como parte desse processo t\u00e9cnico, o Facebook recebe o conhecimento de qual subp\u00e1gina espec\u00edfica do nosso site \u00e9 visitada pelo interessado.<\/p>\n<p class=\"font_8\">Se a pessoa em quest\u00e3o estiver conectada ao Facebook ao mesmo tempo, o Facebook reconhece qual subp\u00e1gina espec\u00edfica do nosso site a pessoa em quest\u00e3o est\u00e1 visitando em cada visita ao nosso site pela pessoa em quest\u00e3o e durante toda a sua perman\u00eancia em nosso site. Essas informa\u00e7\u00f5es s\u00e3o coletadas pelo componente Facebook e atribu\u00eddas \u00e0 respectiva conta do Facebook da pessoa em quest\u00e3o pelo Facebook. Se a pessoa em quest\u00e3o ativar um dos bot\u00f5es do Facebook integrados em nosso site, por exemplo, o bot\u00e3o \"Curtir\", ou se a pessoa em causa fizer um coment\u00e1rio, o Facebook atribui essas informa\u00e7\u00f5es \u00e0 conta de usu\u00e1rio pessoal do Facebook da pessoa em quest\u00e3o e salva esses dados pessoais .<\/p>\n<p class=\"font_8\">O Facebook sempre recebe informa\u00e7\u00f5es por meio do componente do Facebook de que a pessoa em quest\u00e3o visitou nosso site se a pessoa em quest\u00e3o estiver conectada ao Facebook ao mesmo tempo em que acessa nosso site; isso ocorre independentemente de a pessoa em quest\u00e3o clicar ou n\u00e3o no componente do Facebook. Se o titular dos dados n\u00e3o quiser que essas informa\u00e7\u00f5es sejam transmitidas ao Facebook, ele pode impedir a transmiss\u00e3o fazendo logout de sua conta do Facebook antes de acessar nosso site.<\/p>\n<p class=\"font_8\">A pol\u00edtica de dados publicada pelo Facebook, que est\u00e1 dispon\u00edvel em <object width=\"300\" height=\"0\" data-mce-fragment=\"1\"><a href=\"https:\/\/de-de.facebook.com\/about\/privacy\/\" target=\"_blank\" rel=\"noopener noreferrer\">https:\/\/de-de.facebook.com\/about\/privacy\/<\/a><\/object> est\u00e1 dispon\u00edvel, fornece informa\u00e7\u00f5es sobre a coleta, processamento e uso de dados pessoais pelo Facebook. Ele tamb\u00e9m explica quais op\u00e7\u00f5es de configura\u00e7\u00e3o o Facebook oferece para proteger a privacidade do titular dos dados. V\u00e1rios aplicativos tamb\u00e9m est\u00e3o dispon\u00edveis que permitem suprimir a transmiss\u00e3o de dados para o Facebook. Esses aplicativos podem ser usados \u200b\u200bpelo sujeito dos dados para suprimir a transmiss\u00e3o de dados para o Facebook.<\/p>\n<\/div><\/div><style type=\"text\/css\">.fusion-body .fusion-builder-column-11{width:100% !important;margin-top : 0px;margin-bottom : 0px;}.fusion-builder-column-11 > .fusion-column-wrapper {padding-top : 0px !important;padding-right : 0px !important;margin-right : 1.92%;padding-bottom : 0px !important;padding-left : 0px !important;margin-left : 1.92%;}@media only screen and (max-width:1024px) {.fusion-body .fusion-builder-column-11{width:100% !important;order : 0;}.fusion-builder-column-11 > .fusion-column-wrapper {margin-right : 1.92%;margin-left : 1.92%;}}@media only screen and (max-width:640px) {.fusion-body .fusion-builder-column-11{width:100% !important;order : 0;}.fusion-builder-column-11 > .fusion-column-wrapper {margin-right : 1.92%;margin-left : 1.92%;}}<\/style><\/div><div class=\"fusion-layout-column fusion_builder_column fusion-builder-column-12 fusion_builder_column_1_1 1_1 fusion-flex-column\"><div class=\"fusion-column-wrapper fusion-flex-justify-content-flex-start fusion-content-layout-column\" style=\"background-position:left top;background-repeat:no-repeat;-webkit-background-size:cover;-moz-background-size:cover;-o-background-size:cover;background-size:cover;padding: 0px 0px 0px 0px;\"><div class=\"fusion-text fusion-text-13\"><h4 class=\"font_4\">12. Disposi\u00e7\u00f5es de prote\u00e7\u00e3o de dados sobre a aplica\u00e7\u00e3o e uso do Google Analytics (com fun\u00e7\u00e3o de anonimato)<\/h4>\n<p class=\"font_8\">O respons\u00e1vel pelo processamento integrou o componente Google Analytics (com fun\u00e7\u00e3o de anonimato) neste site. O Google Analytics \u00e9 um servi\u00e7o de an\u00e1lise da web. A an\u00e1lise da Web \u00e9 a coleta, coleta e avalia\u00e7\u00e3o de dados sobre o comportamento dos visitantes dos sites. Um servi\u00e7o de an\u00e1lise da web coleta, entre outras coisas, dados sobre em qual site uma pessoa em quest\u00e3o acessou um site (o chamado referenciador), quais subp\u00e1ginas do site foram acessadas ou com que frequ\u00eancia e por quanto tempo uma subp\u00e1gina foi visualizada. Uma an\u00e1lise da web \u00e9 usada principalmente para otimizar um site e para a an\u00e1lise de custo-benef\u00edcio da publicidade na Internet.<\/p>\n<p class=\"font_8\">A empresa operadora do componente do Google Analytics \u00e9 Google Ireland Limited, Gordon House, Barrow Street, Dublin, D04 E5W5, Irlanda.<\/p>\n<p class=\"font_8\">A pessoa respons\u00e1vel pelo processamento usa a adi\u00e7\u00e3o \"_gat._anonymizeIp\" para an\u00e1lise da web atrav\u00e9s do Google Analytics. Por meio desse acr\u00e9scimo, o endere\u00e7o IP da conex\u00e3o \u00e0 Internet da pessoa em quest\u00e3o \u00e9 encurtado e tornado an\u00f4nimo pelo Google se nossas p\u00e1ginas da Internet forem acessadas de um estado membro da Uni\u00e3o Europeia ou de outro signat\u00e1rio do Acordo sobre o Espa\u00e7o Econ\u00f4mico Europeu.<\/p>\n<p class=\"font_8\">O objetivo do componente Google Analytics \u00e9 analisar o fluxo de visitantes do nosso site. O Google usa os dados e informa\u00e7\u00f5es obtidos, entre outras coisas, para avaliar o uso de nosso website, para compilar relat\u00f3rios online para n\u00f3s que mostram as atividades em nosso website e para fornecer outros servi\u00e7os relacionados ao uso de nosso website.<\/p>\n<p class=\"font_8\">O Google Analytics coloca um cookie no sistema de tecnologia da informa\u00e7\u00e3o da pessoa em quest\u00e3o. O que s\u00e3o cookies j\u00e1 foi explicado acima. Ao definir o cookie, o Google est\u00e1 habilitado a analisar o uso do nosso site. Cada vez que se acede a uma das p\u00e1ginas individuais deste site, que \u00e9 operada pelo respons\u00e1vel pelo tratamento e na qual tenha sido integrado um componente Google Analytics, o navegador de Internet do sistema inform\u00e1tico do interessado \u00e9 acionado automaticamente pelo respetivo componente Google Analytics Para transmitir dados ao Google para fins de an\u00e1lise online. Como parte desse processo t\u00e9cnico, o Google adquire conhecimento de dados pessoais, como o endere\u00e7o IP da pessoa em quest\u00e3o, que o Google usa, entre outras coisas, para rastrear a origem de visitantes e cliques e, posteriormente, para permitir a contabiliza\u00e7\u00e3o de comiss\u00f5es.<\/p>\n<p class=\"font_8\">O cookie \u00e9 usado para armazenar informa\u00e7\u00f5es pessoais, como o tempo de acesso, o local de onde o acesso foi feito e a frequ\u00eancia de visitas ao nosso site pela pessoa em quest\u00e3o. Cada vez que voc\u00ea visita nosso site, esses dados pessoais, incluindo o endere\u00e7o IP da conex\u00e3o \u00e0 Internet usada pela pessoa em quest\u00e3o, s\u00e3o transmitidos ao Google nos Estados Unidos da Am\u00e9rica. Esses dados pessoais s\u00e3o armazenados pelo Google nos Estados Unidos da Am\u00e9rica. O Google pode repassar esses dados pessoais coletados por meio do processo t\u00e9cnico a terceiros.<\/p>\n<p class=\"font_8\">O interessado pode impedir a qualquer momento a configura\u00e7\u00e3o de cookies pelo nosso site, conforme j\u00e1 referido, atrav\u00e9s de uma configura\u00e7\u00e3o correspondente no navegador de Internet utilizado e, assim, opor-se permanentemente \u00e0 configura\u00e7\u00e3o de cookies. Essa configura\u00e7\u00e3o do navegador de Internet usado tamb\u00e9m impediria o Google de definir um cookie no sistema de tecnologia da informa\u00e7\u00e3o da pessoa em quest\u00e3o. Al\u00e9m disso, um cookie j\u00e1 definido pelo Google Analytics pode ser exclu\u00eddo a qualquer momento por meio do navegador da Internet ou de outros programas de software.<\/p>\n<p class=\"font_8\">Al\u00e9m disso, o titular dos dados tem a op\u00e7\u00e3o de se opor \u00e0 coleta dos dados gerados pelo Google Analytics relativos ao uso deste site e ao processamento desses dados pelo Google e para evitar isso. Para fazer isso, a pessoa em quest\u00e3o precisa de um complemento do navegador no link <object width=\"300\" height=\"0\" data-mce-fragment=\"1\"><a href=\"https:\/\/tools.google.com\/dlpage\/gaoptout\" target=\"_blank\" rel=\"noopener noreferrer\">https:\/\/tools.google.com\/dlpage\/gaoptout<\/a><\/object>Baixar e instalar. Este complemento do navegador informa ao Google Analytics via JavaScript que nenhum dado ou informa\u00e7\u00e3o sobre visitas ao site pode ser transmitido ao Google Analytics. A instala\u00e7\u00e3o do complemento do navegador ser\u00e1 considerada uma obje\u00e7\u00e3o pelo Google. Se o sistema de tecnologia da informa\u00e7\u00e3o da pessoa em quest\u00e3o for exclu\u00eddo, formatado ou reinstalado posteriormente, a pessoa em quest\u00e3o deve reinstalar o add-on do navegador para desativar o Google Analytics. Se o complemento do navegador for desinstalado ou desativado pela pessoa em quest\u00e3o ou por outra pessoa atribu\u00edvel \u00e0 sua esfera de influ\u00eancia, existe a op\u00e7\u00e3o de reinstalar ou reativar o complemento do navegador.<\/p>\n<p class=\"font_8\">Mais informa\u00e7\u00f5es e as disposi\u00e7\u00f5es de prote\u00e7\u00e3o de dados aplic\u00e1veis \u200b\u200bdo Google podem ser encontradas em <object width=\"300\" height=\"0\" data-mce-fragment=\"1\"><a href=\"https:\/\/www.google.de\/intl\/de\/policies\/privacy\/\" target=\"_blank\" rel=\"noopener noreferrer\">https:\/\/www.google.de\/intl\/de\/policies\/privacy\/<\/a><\/object> und unter <object width=\"300\" height=\"0\" data-mce-fragment=\"1\"><a href=\"http:\/\/www.google.com\/analytics\/terms\/de.html\" target=\"_blank\" rel=\"noopener noreferrer\">http:\/\/www.google.com\/analytics\/terms\/de.html<\/a><\/object> Pode ser acessado. O Google Analytics est\u00e1 dispon\u00edvel neste link <object width=\"300\" height=\"0\" data-mce-fragment=\"1\"><a href=\"https:\/\/www.google.com\/intl\/de_de\/analytics\/\" target=\"_blank\" rel=\"noopener noreferrer\">https:\/\/www.google.com\/intl\/de_de\/analytics\/<\/a><\/object> explicado em mais detalhes.<\/p>\n<\/div><\/div><style type=\"text\/css\">.fusion-body .fusion-builder-column-12{width:100% !important;margin-top : 0px;margin-bottom : 0px;}.fusion-builder-column-12 > .fusion-column-wrapper {padding-top : 0px !important;padding-right : 0px !important;margin-right : 1.92%;padding-bottom : 0px !important;padding-left : 0px !important;margin-left : 1.92%;}@media only screen and (max-width:1024px) {.fusion-body .fusion-builder-column-12{width:100% !important;order : 0;}.fusion-builder-column-12 > .fusion-column-wrapper {margin-right : 1.92%;margin-left : 1.92%;}}@media only screen and (max-width:640px) {.fusion-body .fusion-builder-column-12{width:100% !important;order : 0;}.fusion-builder-column-12 > .fusion-column-wrapper {margin-right : 1.92%;margin-left : 1.92%;}}<\/style><\/div><div class=\"fusion-layout-column fusion_builder_column fusion-builder-column-13 fusion_builder_column_1_1 1_1 fusion-flex-column\"><div class=\"fusion-column-wrapper fusion-flex-justify-content-flex-start fusion-content-layout-column\" style=\"background-position:left top;background-repeat:no-repeat;-webkit-background-size:cover;-moz-background-size:cover;-o-background-size:cover;background-size:cover;padding: 0px 0px 0px 0px;\"><div class=\"fusion-text fusion-text-14\"><h4 class=\"font_4\">13. Disposi\u00e7\u00f5es de prote\u00e7\u00e3o de dados sobre a aplica\u00e7\u00e3o e uso do Google Remarketing<\/h4>\n<p class=\"font_8\">O respons\u00e1vel pelo processamento integrou os servi\u00e7os de Remarketing Google neste site. O remarketing do Google \u00e9 uma fun\u00e7\u00e3o do Google AdWords que permite que uma empresa exiba an\u00fancios para usu\u00e1rios da Internet que j\u00e1 estiveram no site da empresa. A integra\u00e7\u00e3o do Google Remarketing permite, portanto, a uma empresa criar publicidade relacionada ao usu\u00e1rio e, consequentemente, exibir an\u00fancios relevantes para o interesse do usu\u00e1rio da Internet.<\/p>\n<p class=\"font_8\">Betreibergesellschaft der Dienste von Google Remarketing ist die Google Ireland Limited, Gordon House, Barrow Street, Dublin, D04 E5W5, Ireland.<\/p>\n<p class=\"font_8\">O objetivo do Remarketing do Google \u00e9 exibir publicidade relevante para o interesse. O remarketing do Google nos permite exibir an\u00fancios por meio da rede de publicidade do Google ou exibi-los em outros sites adaptados \u00e0s necessidades e interesses individuais dos usu\u00e1rios da Internet.<\/p>\n<p class=\"font_8\">O Remarketing do Google coloca um cookie no sistema de tecnologia da informa\u00e7\u00e3o da pessoa em quest\u00e3o. O que s\u00e3o cookies j\u00e1 foi explicado acima. Ao definir o cookie, o Google \u00e9 capaz de reconhecer os visitantes do nosso site se eles posteriormente acessarem sites que tamb\u00e9m s\u00e3o membros da rede de publicidade do Google. Cada vez que \u00e9 acessado um site no qual o servi\u00e7o Google Remarketing est\u00e1 integrado, o navegador da pessoa se identifica automaticamente com o Google. Como parte desse processo t\u00e9cnico, o Google obt\u00e9m conhecimento de dados pessoais, como o endere\u00e7o IP ou o comportamento de navega\u00e7\u00e3o do usu\u00e1rio, que o Google usa, entre outras coisas, para exibir publicidade relevante para o seu interesse.<\/p>\n<p class=\"font_8\">O cookie \u00e9 usado para armazenar informa\u00e7\u00f5es pessoais, como os sites visitados pela pessoa em quest\u00e3o. Cada vez que voc\u00ea visita nosso site, dados pessoais, incluindo o endere\u00e7o IP da conex\u00e3o \u00e0 Internet usada pela pessoa em quest\u00e3o, s\u00e3o transmitidos ao Google nos Estados Unidos da Am\u00e9rica. Esses dados pessoais s\u00e3o armazenados pelo Google nos Estados Unidos da Am\u00e9rica. O Google pode repassar esses dados pessoais coletados por meio do processo t\u00e9cnico a terceiros.<\/p>\n<p class=\"font_8\">O interessado pode impedir a qualquer momento a configura\u00e7\u00e3o de cookies pelo nosso site, conforme j\u00e1 referido, atrav\u00e9s de uma configura\u00e7\u00e3o correspondente no navegador de Internet utilizado e, assim, opor-se permanentemente \u00e0 configura\u00e7\u00e3o de cookies. Essa configura\u00e7\u00e3o do navegador de Internet usado tamb\u00e9m impediria o Google de definir um cookie no sistema de tecnologia da informa\u00e7\u00e3o da pessoa em quest\u00e3o. Al\u00e9m disso, um cookie j\u00e1 definido pelo Google Analytics pode ser exclu\u00eddo a qualquer momento por meio do navegador da Internet ou de outros programas de software.<\/p>\n<p class=\"font_8\">O titular dos dados tamb\u00e9m tem a op\u00e7\u00e3o de contestar a publicidade com base em interesses do Google. Para fazer isso, o interessado deve clicar no link de cada um dos navegadores de Internet que usa <object width=\"300\" height=\"0\" data-mce-fragment=\"1\"><a href=\"https:\/\/www.giacomusic.eu\/www.google.de\/settings\/ads\" target=\"_blank\" rel=\"noopener noreferrer\">www.google.de\/settings\/ads<\/a><\/object> e fa\u00e7a as configura\u00e7\u00f5es desejadas l\u00e1.<\/p>\n<p class=\"font_8\">Mais informa\u00e7\u00f5es e as disposi\u00e7\u00f5es de prote\u00e7\u00e3o de dados aplic\u00e1veis \u200b\u200bdo Google podem ser encontradas em <object width=\"300\" height=\"0\" data-mce-fragment=\"1\"><a href=\"https:\/\/www.google.de\/intl\/de\/policies\/privacy\/\" target=\"_blank\" rel=\"noopener noreferrer\">https:\/\/www.google.de\/intl\/de\/policies\/privacy\/<\/a><\/object> pode ser acessado.<\/p>\n<\/div><\/div><style type=\"text\/css\">.fusion-body .fusion-builder-column-13{width:100% !important;margin-top : 0px;margin-bottom : 0px;}.fusion-builder-column-13 > .fusion-column-wrapper {padding-top : 0px !important;padding-right : 0px !important;margin-right : 1.92%;padding-bottom : 0px !important;padding-left : 0px !important;margin-left : 1.92%;}@media only screen and (max-width:1024px) {.fusion-body .fusion-builder-column-13{width:100% !important;order : 0;}.fusion-builder-column-13 > .fusion-column-wrapper {margin-right : 1.92%;margin-left : 1.92%;}}@media only screen and (max-width:640px) {.fusion-body .fusion-builder-column-13{width:100% !important;order : 0;}.fusion-builder-column-13 > .fusion-column-wrapper {margin-right : 1.92%;margin-left : 1.92%;}}<\/style><\/div><div class=\"fusion-layout-column fusion_builder_column fusion-builder-column-14 fusion_builder_column_1_1 1_1 fusion-flex-column\"><div class=\"fusion-column-wrapper fusion-flex-justify-content-flex-start fusion-content-layout-column\" style=\"background-position:left top;background-repeat:no-repeat;-webkit-background-size:cover;-moz-background-size:cover;-o-background-size:cover;background-size:cover;padding: 0px 0px 0px 0px;\"><div class=\"fusion-text fusion-text-15\"><h4 class=\"font_4\">14. Disposi\u00e7\u00f5es de prote\u00e7\u00e3o de dados sobre a aplica\u00e7\u00e3o e uso do Google AdWords<\/h4>\n<p class=\"font_8\">O controlador integrou o Google AdWords neste site. O Google AdWords \u00e9 um servi\u00e7o de publicidade na Internet que permite aos anunciantes colocar an\u00fancios nos resultados do mecanismo de pesquisa do Google, bem como na rede de publicidade do Google. O Google AdWords permite que um anunciante defina certas palavras-chave com anteced\u00eancia, por meio das quais um an\u00fancio s\u00f3 \u00e9 exibido nos resultados do mecanismo de pesquisa do Google se o usu\u00e1rio acessar um resultado de pesquisa relevante para a palavra-chave no mecanismo de pesquisa. Na rede de publicidade do Google, os an\u00fancios s\u00e3o distribu\u00eddos para sites relacionados ao tema usando um algoritmo autom\u00e1tico e levando em considera\u00e7\u00e3o as palavras-chave previamente definidas.<\/p>\n<p class=\"font_8\">A empresa operadora dos servi\u00e7os do Google AdWords \u00e9 Google Ireland Limited, Gordon House, Barrow Street, Dublin, D04 E5W5, Irlanda.<\/p>\n<p class=\"font_8\">O objetivo do Google AdWords \u00e9 promover nosso site exibindo publicidade relevante em sites de empresas terceirizadas e nos resultados do mecanismo de pesquisa do Google e exibindo publicidade de terceiros em nosso site.<\/p>\n<p class=\"font_8\">Se uma pessoa em quest\u00e3o acessar nosso site por meio de um an\u00fancio do Google, um denominado cookie de convers\u00e3o ser\u00e1 armazenado no sistema de tecnologia da informa\u00e7\u00e3o da pessoa em quest\u00e3o pelo Google. O que s\u00e3o cookies j\u00e1 foi explicado acima. Um cookie de convers\u00e3o perde sua validade ap\u00f3s trinta dias e n\u00e3o \u00e9 usado para identificar a pessoa em quest\u00e3o. Se o cookie ainda n\u00e3o tiver expirado, o cookie de convers\u00e3o \u00e9 usado para determinar se certas subp\u00e1ginas, por exemplo, o carrinho de compras de um sistema de loja online, foram acessadas em nosso site. O cookie de convers\u00e3o permite que n\u00f3s e o Google entendamos se uma pessoa em quest\u00e3o que entrou em nosso site por meio de um an\u00fancio do AdWords gerou vendas, ou seja, concluiu ou cancelou uma compra.<\/p>\n<p class=\"font_8\">Os dados e informa\u00e7\u00f5es coletados atrav\u00e9s do uso do cookie de convers\u00e3o s\u00e3o usados \u200b\u200bpelo Google para compilar estat\u00edsticas de visita para nosso site. Essas estat\u00edsticas de visita, por sua vez, s\u00e3o usadas por n\u00f3s para determinar o n\u00famero total de usu\u00e1rios que nos foram encaminhados por meio de an\u00fancios do AdWords, ou seja, para determinar o sucesso ou fracasso do respectivo an\u00fancio do AdWords e para otimizar nossos an\u00fancios do AdWords para o futuro . Nem nossa empresa nem outros anunciantes do Google AdWords recebem do Google qualquer informa\u00e7\u00e3o que possa identificar a pessoa em quest\u00e3o.<\/p>\n<p class=\"font_8\">O cookie de convers\u00e3o \u00e9 usado para armazenar informa\u00e7\u00f5es pessoais, como os sites visitados pela pessoa em quest\u00e3o. Cada vez que voc\u00ea visita nosso site, dados pessoais, incluindo o endere\u00e7o IP da conex\u00e3o \u00e0 Internet usada pela pessoa em quest\u00e3o, s\u00e3o transmitidos ao Google nos Estados Unidos da Am\u00e9rica. Esses dados pessoais s\u00e3o armazenados pelo Google nos Estados Unidos da Am\u00e9rica. O Google pode repassar esses dados pessoais coletados por meio do processo t\u00e9cnico a terceiros.<\/p>\n<p class=\"font_8\">O interessado pode impedir a qualquer momento a configura\u00e7\u00e3o de cookies pelo nosso site, conforme j\u00e1 referido, atrav\u00e9s de uma configura\u00e7\u00e3o correspondente no navegador de Internet utilizado e, assim, opor-se permanentemente \u00e0 configura\u00e7\u00e3o de cookies. Tal configura\u00e7\u00e3o do navegador da Internet usado tamb\u00e9m impediria o Google de definir um cookie de convers\u00e3o no sistema de tecnologia da informa\u00e7\u00e3o da pessoa em quest\u00e3o. Al\u00e9m disso, um cookie j\u00e1 definido pelo Google AdWords pode ser exclu\u00eddo a qualquer momento por meio do navegador da Internet ou de outros programas de software.<\/p>\n<p class=\"font_8\">O titular dos dados tamb\u00e9m tem a op\u00e7\u00e3o de contestar a publicidade com base em interesses do Google. Para fazer isso, o interessado deve clicar no link de cada um dos navegadores de Internet que usa <object width=\"300\" height=\"0\" data-mce-fragment=\"1\"><a href=\"https:\/\/www.giacomusic.eu\/www.google.de\/settings\/ads\" target=\"_blank\" rel=\"noopener noreferrer\">www.google.de\/settings\/ads<\/a><\/object> e fa\u00e7a as configura\u00e7\u00f5es desejadas l\u00e1.<\/p>\n<p class=\"font_8\">Mais informa\u00e7\u00f5es e as disposi\u00e7\u00f5es de prote\u00e7\u00e3o de dados aplic\u00e1veis \u200b\u200bdo Google podem ser encontradas em <object width=\"300\" height=\"0\" data-mce-fragment=\"1\"><a href=\"https:\/\/www.google.de\/intl\/de\/policies\/privacy\/\" target=\"_blank\" rel=\"noopener noreferrer\">https:\/\/www.google.de\/intl\/de\/policies\/privacy\/<\/a><\/object> pode ser acessado.<\/p>\n<\/div><\/div><style type=\"text\/css\">.fusion-body .fusion-builder-column-14{width:100% !important;margin-top : 0px;margin-bottom : 0px;}.fusion-builder-column-14 > .fusion-column-wrapper {padding-top : 0px !important;padding-right : 0px !important;margin-right : 1.92%;padding-bottom : 0px !important;padding-left : 0px !important;margin-left : 1.92%;}@media only screen and (max-width:1024px) {.fusion-body .fusion-builder-column-14{width:100% !important;order : 0;}.fusion-builder-column-14 > .fusion-column-wrapper {margin-right : 1.92%;margin-left : 1.92%;}}@media only screen and (max-width:640px) {.fusion-body .fusion-builder-column-14{width:100% !important;order : 0;}.fusion-builder-column-14 > .fusion-column-wrapper {margin-right : 1.92%;margin-left : 1.92%;}}<\/style><\/div><div class=\"fusion-layout-column fusion_builder_column fusion-builder-column-15 fusion_builder_column_1_1 1_1 fusion-flex-column\"><div class=\"fusion-column-wrapper fusion-flex-justify-content-flex-start fusion-content-layout-column\" style=\"background-position:left top;background-repeat:no-repeat;-webkit-background-size:cover;-moz-background-size:cover;-o-background-size:cover;background-size:cover;padding: 0px 0px 0px 0px;\"><div class=\"fusion-text fusion-text-16\"><h4 class=\"font_4\">15. Disposi\u00e7\u00f5es de prote\u00e7\u00e3o de dados sobre a aplica\u00e7\u00e3o e uso do Instagram<\/h4>\n<p class=\"font_8\">O controlador integrou componentes do servi\u00e7o Instagram neste site. O Instagram \u00e9 um servi\u00e7o que se qualifica como plataforma audiovisual e permite aos usu\u00e1rios compartilhar fotos e v\u00eddeos e tamb\u00e9m divulgar esses dados em outras redes sociais.<\/p>\n<p class=\"font_8\">A empresa operadora dos servi\u00e7os do Instagram \u00e9 a Facebook Ireland Ltd., 4 Grand Canal Square, Grand Canal Harbour, Dublin 2 Ireland.<\/p>\n<p class=\"font_8\">Cada vez que uma das p\u00e1ginas individuais deste website \u00e9 acessada, que \u00e9 operada pelo respons\u00e1vel pelo processamento e na qual um componente Instagram (bot\u00e3o Insta) foi integrado, o navegador da Internet no sistema de inform\u00e1tica do interessado \u00e9 automaticamente substitu\u00eddo pelo respectivo componente Instagram faz com que uma representa\u00e7\u00e3o do componente correspondente seja baixada do Instagram. Como parte desse processo t\u00e9cnico, o Instagram recebe informa\u00e7\u00f5es sobre qual subp\u00e1gina espec\u00edfica do nosso site \u00e9 visitada pelo interessado.<\/p>\n<p class=\"font_8\">Se a pessoa em quest\u00e3o estiver conectada ao Instagram ao mesmo tempo, o Instagram reconhece qual subp\u00e1gina espec\u00edfica a pessoa em quest\u00e3o est\u00e1 visitando em cada visita ao nosso site pela pessoa em quest\u00e3o e durante toda a sua perman\u00eancia em nosso site. Essas informa\u00e7\u00f5es s\u00e3o coletadas pelo componente Instagram e atribu\u00eddas \u00e0 respectiva conta Instagram da pessoa em quest\u00e3o. Se a pessoa em quest\u00e3o clicar em um dos bot\u00f5es do Instagram integrados em nosso site, os dados e informa\u00e7\u00f5es transferidos com ele s\u00e3o atribu\u00eddos \u00e0 conta de usu\u00e1rio pessoal do Instagram da pessoa em quest\u00e3o e armazenados e processados \u200b\u200bpelo Instagram.<\/p>\n<p class=\"font_8\">O Instagram sempre recebe informa\u00e7\u00f5es atrav\u00e9s do componente Instagram de que a pessoa em quest\u00e3o visitou nosso site, se a pessoa em quest\u00e3o estiver logada no Instagram ao mesmo tempo em que acessa nosso site; isso ocorre independentemente de a pessoa em quest\u00e3o clicar ou n\u00e3o no componente Instagram. Se o titular dos dados n\u00e3o quiser que essa informa\u00e7\u00e3o seja transmitida ao Instagram, ele pode impedir a transmiss\u00e3o fazendo logout de sua conta do Instagram antes de acessar nosso site.<\/p>\n<p class=\"font_8\">Mais informa\u00e7\u00f5es e as disposi\u00e7\u00f5es de prote\u00e7\u00e3o de dados aplic\u00e1veis \u200b\u200bdo Instagram podem ser encontradas em <object width=\"300\" height=\"0\" data-mce-fragment=\"1\"><a href=\"https:\/\/help.instagram.com\/155833707900388\" target=\"_blank\" rel=\"noopener noreferrer\">https:\/\/help.instagram.com\/155833707900388<\/a><\/object> e <object width=\"300\" height=\"0\" data-mce-fragment=\"1\"><a href=\"https:\/\/www.instagram.com\/about\/legal\/privacy\/\" target=\"_blank\" rel=\"noopener noreferrer\">https:\/\/www.instagram.com\/about\/legal\/privacy\/<\/a><\/object> pode ser acessado.<\/p>\n<\/div><\/div><style type=\"text\/css\">.fusion-body .fusion-builder-column-15{width:100% !important;margin-top : 0px;margin-bottom : 0px;}.fusion-builder-column-15 > .fusion-column-wrapper {padding-top : 0px !important;padding-right : 0px !important;margin-right : 1.92%;padding-bottom : 0px !important;padding-left : 0px !important;margin-left : 1.92%;}@media only screen and (max-width:1024px) {.fusion-body .fusion-builder-column-15{width:100% !important;order : 0;}.fusion-builder-column-15 > .fusion-column-wrapper {margin-right : 1.92%;margin-left : 1.92%;}}@media only screen and (max-width:640px) {.fusion-body .fusion-builder-column-15{width:100% !important;order : 0;}.fusion-builder-column-15 > .fusion-column-wrapper {margin-right : 1.92%;margin-left : 1.92%;}}<\/style><\/div><div class=\"fusion-layout-column fusion_builder_column fusion-builder-column-16 fusion_builder_column_1_1 1_1 fusion-flex-column\"><div class=\"fusion-column-wrapper fusion-flex-justify-content-flex-start fusion-content-layout-column\" style=\"background-position:left top;background-repeat:no-repeat;-webkit-background-size:cover;-moz-background-size:cover;-o-background-size:cover;background-size:cover;padding: 0px 0px 0px 0px;\"><div class=\"fusion-text fusion-text-17\"><h4 class=\"font_4\">16. Disposi\u00e7\u00f5es de prote\u00e7\u00e3o de dados sobre a aplica\u00e7\u00e3o e uso do LinkedIn<\/h4>\n<p class=\"font_8\">O controlador integrou componentes da LinkedIn Corporation neste site. LinkedIn \u00e9 uma rede social baseada na Internet que permite que os usu\u00e1rios se conectem com contatos comerciais existentes e fa\u00e7am novos contatos comerciais. Mais de 400 milh\u00f5es de pessoas registradas usam o LinkedIn em mais de 200 pa\u00edses. Isso torna o LinkedIn atualmente a maior plataforma de contatos comerciais e um dos sites mais visitados do mundo.<\/p>\n<p class=\"font_8\">A empresa operacional do LinkedIn \u00e9 LinkedIn Corporation, 2029 Stierlin Court Mountain View, CA 94043, EUA. LinkedIn Ireland, Privacy Policy Issues, Wilton Plaza, Wilton Place, Dublin 2, Irlanda, \u00e9 respons\u00e1vel por quest\u00f5es de prote\u00e7\u00e3o de dados fora dos EUA.<\/p>\n<p class=\"font_8\">Cada vez que voc\u00ea visita nosso site, que est\u00e1 equipado com um componente do LinkedIn (plug-in do LinkedIn), esse componente faz com que o navegador usado pela pessoa em quest\u00e3o baixe uma representa\u00e7\u00e3o correspondente do componente do LinkedIn. Mais informa\u00e7\u00f5es sobre os plug-ins do LinkedIn podem ser encontradas em <object width=\"300\" height=\"0\" data-mce-fragment=\"1\"><a href=\"https:\/\/developer.linkedin.com\/plugins\" target=\"_blank\" rel=\"noopener noreferrer\">https:\/\/developer.linkedin.com\/plugins<\/a><\/object>Pode ser acessado. Como parte desse processo t\u00e9cnico, o LinkedIn obt\u00e9m conhecimento de qual subp\u00e1gina espec\u00edfica do nosso site \u00e9 visitada pela pessoa em quest\u00e3o.<\/p>\n<p class=\"font_8\">Se a pessoa em quest\u00e3o estiver conectada ao LinkedIn ao mesmo tempo, o LinkedIn reconhecer\u00e1 qual subp\u00e1gina espec\u00edfica do nosso site a pessoa em quest\u00e3o est\u00e1 visitando em cada visita ao nosso site pela pessoa em quest\u00e3o e durante toda a dura\u00e7\u00e3o da respectiva perman\u00eancia em nosso site. Essas informa\u00e7\u00f5es s\u00e3o coletadas pelo componente LinkedIn e atribu\u00eddas \u00e0 respectiva conta do LinkedIn da pessoa em quest\u00e3o. Se a pessoa em quest\u00e3o ativar um bot\u00e3o do LinkedIn integrado em nosso site, o LinkedIn atribuir\u00e1 essas informa\u00e7\u00f5es \u00e0 conta de usu\u00e1rio pessoal do LinkedIn da pessoa em quest\u00e3o e salvar\u00e1 esses dados pessoais.<\/p>\n<p class=\"font_8\">O LinkedIn sempre recebe informa\u00e7\u00f5es por meio do componente LinkedIn de que a pessoa em quest\u00e3o visitou nosso site, se a pessoa em quest\u00e3o estiver logada no LinkedIn ao mesmo tempo em que acessa nosso site; isso ocorre independentemente de a pessoa em quest\u00e3o clicar ou n\u00e3o no componente do LinkedIn. Se o titular dos dados n\u00e3o quiser que essas informa\u00e7\u00f5es sejam transmitidas ao LinkedIn, ele pode impedir a transmiss\u00e3o desconectando-se de sua conta do LinkedIn antes de acessar nosso site.<\/p>\n<p class=\"font_8\">Ofertas do LinkedIn em <object width=\"300\" height=\"0\" data-mce-fragment=\"1\"><a href=\"https:\/\/www.linkedin.com\/psettings\/guest-controls\" target=\"_blank\" rel=\"noopener noreferrer\">https:\/\/www.linkedin.com\/psettings\/guest-controls<\/a><\/object> a capacidade de cancelar a assinatura de mensagens de e-mail, mensagens SMS e an\u00fancios direcionados e gerenciar configura\u00e7\u00f5es de an\u00fancios. O LinkedIn tamb\u00e9m usa parceiros como Quantcast, Google Analytics, BlueKai, DoubleClick, Nielsen, Comscore, Eloqua e Lotame, que podem definir cookies. Esses cookies podem ser encontrados em <object width=\"300\" height=\"0\" data-mce-fragment=\"1\"><a href=\"https:\/\/www.linkedin.com\/legal\/cookie-policy\" target=\"_blank\" rel=\"noopener noreferrer\">https:\/\/www.linkedin.com\/legal\/cookie-policy<\/a><\/object> abgelehnt werden. Die geltenden Datenschutzbestimmungen von LinkedIn sind unter <object width=\"300\" height=\"0\" data-mce-fragment=\"1\"><a href=\"https:\/\/www.linkedin.com\/legal\/privacy-policy\" target=\"_blank\" rel=\"noopener noreferrer\">https:\/\/www.linkedin.com\/legal\/privacy-policy<\/a><\/object>recuper\u00e1vel. A pol\u00edtica de cookies do LinkedIn est\u00e1 dispon\u00edvel em <object width=\"300\" height=\"0\" data-mce-fragment=\"1\"><a href=\"https:\/\/www.linkedin.com\/legal\/cookie-policy\" target=\"_blank\" rel=\"noopener noreferrer\">https:\/\/www.linkedin.com\/legal\/cookie-policy<\/a><\/object>recuper\u00e1vel.<\/p>\n<\/div><\/div><style type=\"text\/css\">.fusion-body .fusion-builder-column-16{width:100% !important;margin-top : 0px;margin-bottom : 0px;}.fusion-builder-column-16 > .fusion-column-wrapper {padding-top : 0px !important;padding-right : 0px !important;margin-right : 1.92%;padding-bottom : 0px !important;padding-left : 0px !important;margin-left : 1.92%;}@media only screen and (max-width:1024px) {.fusion-body .fusion-builder-column-16{width:100% !important;order : 0;}.fusion-builder-column-16 > .fusion-column-wrapper {margin-right : 1.92%;margin-left : 1.92%;}}@media only screen and (max-width:640px) {.fusion-body .fusion-builder-column-16{width:100% !important;order : 0;}.fusion-builder-column-16 > .fusion-column-wrapper {margin-right : 1.92%;margin-left : 1.92%;}}<\/style><\/div><div class=\"fusion-layout-column fusion_builder_column fusion-builder-column-17 fusion_builder_column_1_1 1_1 fusion-flex-column\"><div class=\"fusion-column-wrapper fusion-flex-justify-content-flex-start fusion-content-layout-column\" style=\"background-position:left top;background-repeat:no-repeat;-webkit-background-size:cover;-moz-background-size:cover;-o-background-size:cover;background-size:cover;padding: 0px 0px 0px 0px;\"><div class=\"fusion-text fusion-text-18\"><h4 class=\"font_4\">17. Disposi\u00e7\u00f5es de prote\u00e7\u00e3o de dados sobre a aplica\u00e7\u00e3o e uso do YouTube<\/h4>\n<p class=\"font_8\">O controlador de dados integrou componentes do YouTube neste site. O YouTube \u00e9 um portal de v\u00eddeo na Internet que permite aos editores de v\u00eddeo postar videoclipes gratuitamente e que outros usu\u00e1rios os visualizem, avaliem e comentem gratuitamente. O YouTube permite a publica\u00e7\u00e3o de todos os tipos de v\u00eddeos, por isso programas completos de cinema e televis\u00e3o, mas tamb\u00e9m videoclipes, trailers ou v\u00eddeos feitos pelos pr\u00f3prios usu\u00e1rios podem ser acessados \u200b\u200batrav\u00e9s do portal da Internet.<\/p>\n<p class=\"font_8\">O YouTube \u00e9 operado pela Google Ireland Limited, Gordon House, Barrow Street, Dublin, D04 E5W5, Irlanda.<\/p>\n<p class=\"font_8\">Cada vez que se acede a uma das p\u00e1ginas individuais deste site, que \u00e9 operada pelo respons\u00e1vel pelo processamento e na qual foi integrado um componente YouTube (v\u00eddeo YouTube), o navegador de Internet do sistema inform\u00e1tico do interessado \u00e9 automaticamente substitu\u00eddo pelo respectivo componente YouTube solicita que voc\u00ea baixe uma representa\u00e7\u00e3o do componente correspondente do YouTube do YouTube. Mais informa\u00e7\u00f5es sobre o YouTube podem ser encontradas em <object width=\"300\" height=\"0\" data-mce-fragment=\"1\"><a href=\"https:\/\/www.youtube.com\/yt\/about\/de\/\" target=\"_blank\" rel=\"noopener noreferrer\">https:\/\/www.youtube.com\/yt\/about\/de\/<\/a><\/object> Pode ser acessado. Como parte desse processo t\u00e9cnico, o YouTube e o Google obt\u00eam conhecimento de qual subp\u00e1gina espec\u00edfica de nosso site \u00e9 visitada pelo interessado.<\/p>\n<p class=\"font_8\">Se a pessoa em quest\u00e3o estiver conectada ao YouTube ao mesmo tempo, o YouTube reconhece qual subp\u00e1gina espec\u00edfica de nosso site a pessoa em quest\u00e3o est\u00e1 visitando, acessando uma subp\u00e1gina que cont\u00e9m um v\u00eddeo do YouTube. Essas informa\u00e7\u00f5es s\u00e3o coletadas pelo YouTube e Google e atribu\u00eddas \u00e0 respectiva conta do YouTube da pessoa em quest\u00e3o.<\/p>\n<p class=\"font_8\">O YouTube e o Google sempre recebem informa\u00e7\u00f5es por meio do componente do YouTube de que a pessoa em quest\u00e3o visitou nosso site, se a pessoa em quest\u00e3o estiver conectada ao YouTube ao mesmo tempo em que acessa nosso site; isso ocorre independentemente de a pessoa em quest\u00e3o clicar ou n\u00e3o em um v\u00eddeo do YouTube. Se a pessoa em quest\u00e3o n\u00e3o quiser que essas informa\u00e7\u00f5es sejam transmitidas ao YouTube e ao Google, ela pode impedir a transmiss\u00e3o desconectando-se de sua conta do YouTube antes de acessar nosso site.<\/p>\n<p class=\"font_8\">As disposi\u00e7\u00f5es de prote\u00e7\u00e3o de dados publicadas pelo YouTube, que podem ser encontradas em <object width=\"300\" height=\"0\" data-mce-fragment=\"1\"><a href=\"https:\/\/www.google.de\/intl\/de\/policies\/privacy\/\" target=\"_blank\" rel=\"noopener noreferrer\">https:\/\/www.google.de\/intl\/de\/policies\/privacy\/<\/a><\/object> est\u00e3o dispon\u00edveis, fornecem informa\u00e7\u00f5es sobre a coleta, processamento e uso de dados pessoais pelo YouTube e Google.<\/p>\n<\/div><\/div><style type=\"text\/css\">.fusion-body .fusion-builder-column-17{width:100% !important;margin-top : 0px;margin-bottom : 0px;}.fusion-builder-column-17 > .fusion-column-wrapper {padding-top : 0px !important;padding-right : 0px !important;margin-right : 1.92%;padding-bottom : 0px !important;padding-left : 0px !important;margin-left : 1.92%;}@media only screen and (max-width:1024px) {.fusion-body .fusion-builder-column-17{width:100% !important;order : 0;}.fusion-builder-column-17 > .fusion-column-wrapper {margin-right : 1.92%;margin-left : 1.92%;}}@media only screen and (max-width:640px) {.fusion-body .fusion-builder-column-17{width:100% !important;order : 0;}.fusion-builder-column-17 > .fusion-column-wrapper {margin-right : 1.92%;margin-left : 1.92%;}}<\/style><\/div><div class=\"fusion-layout-column fusion_builder_column fusion-builder-column-18 fusion_builder_column_1_1 1_1 fusion-flex-column\"><div class=\"fusion-column-wrapper fusion-flex-justify-content-flex-start fusion-content-layout-column\" style=\"background-position:left top;background-repeat:no-repeat;-webkit-background-size:cover;-moz-background-size:cover;-o-background-size:cover;background-size:cover;padding: 0px 0px 0px 0px;\"><div class=\"fusion-text fusion-text-19\"><h4 class=\"font_4\">18. Base legal para processamento<\/h4>\n<p class=\"font_8\">Art. 6 eu lit. um DS-GVO serve \u00e0 nossa empresa como a base legal para opera\u00e7\u00f5es de processamento para as quais obtemos consentimento para um prop\u00f3sito de processamento espec\u00edfico. Se o tratamento de dados pessoais for necess\u00e1rio para cumprir um contrato de que o titular dos dados seja parte, como \u00e9 o caso, por exemplo, de opera\u00e7\u00f5es de tratamento que sejam necess\u00e1rias para a entrega de bens ou a presta\u00e7\u00e3o de outros servi\u00e7os ou contrapresta\u00e7\u00e3o, o tratamento \u00e9 baseado Art. 6 eu lit. b GDPR. O mesmo se aplica \u00e0s opera\u00e7\u00f5es de processamento necess\u00e1rias para a realiza\u00e7\u00e3o de medidas pr\u00e9-contratuais, por exemplo, no caso de consultas sobre os nossos produtos ou servi\u00e7os. Se a nossa empresa est\u00e1 sujeita a uma obriga\u00e7\u00e3o legal que exige o tratamento de dados pessoais, por exemplo para cumprir obriga\u00e7\u00f5es fiscais, o tratamento \u00e9 baseado no Art. 6\u00ba I lit. c GDPR.Em casos raros, pode ser necess\u00e1rio processar dados pessoais para proteger os interesses vitais do titular dos dados ou de outra pessoa singular. Este seria o caso, por exemplo, se um visitante de nossa empresa se ferisse e seu nome, idade, dados de seguro sa\u00fade ou outras informa\u00e7\u00f5es vitais tivessem que ser repassados \u200b\u200ba um m\u00e9dico, hospital ou outro terceiro. Ent\u00e3o o processamento seria baseado no Art. 6\u00ba I lit. d GDPR s\u00e3o baseados. Em \u00faltima an\u00e1lise, as opera\u00e7\u00f5es de processamento poderiam ser baseadas no Art. 6 I lit. f GDPR. As opera\u00e7\u00f5es de processamento que n\u00e3o s\u00e3o cobertas por nenhuma das bases jur\u00eddicas acima mencionadas baseiam-se nesta base jur\u00eddica se o processamento for necess\u00e1rio para salvaguardar um interesse leg\u00edtimo da nossa empresa ou de terceiros, desde que os interesses, direitos fundamentais e liberdades da pessoa em causa n\u00e3o prevale\u00e7am. Estamos especialmente autorizados a realizar essas opera\u00e7\u00f5es de processamento porque foram especificamente mencionadas pelo legislador europeu. A este respeito, considerou que poderia ser assumido um interesse leg\u00edtimo se a pessoa em causa fosse cliente da pessoa respons\u00e1vel (considerando 47, frase 2, do RGPD).<\/p>\n<\/div><\/div><style type=\"text\/css\">.fusion-body .fusion-builder-column-18{width:100% !important;margin-top : 0px;margin-bottom : 0px;}.fusion-builder-column-18 > .fusion-column-wrapper {padding-top : 0px !important;padding-right : 0px !important;margin-right : 1.92%;padding-bottom : 0px !important;padding-left : 0px !important;margin-left : 1.92%;}@media only screen and (max-width:1024px) {.fusion-body .fusion-builder-column-18{width:100% !important;order : 0;}.fusion-builder-column-18 > .fusion-column-wrapper {margin-right : 1.92%;margin-left : 1.92%;}}@media only screen and (max-width:640px) {.fusion-body .fusion-builder-column-18{width:100% !important;order : 0;}.fusion-builder-column-18 > .fusion-column-wrapper {margin-right : 1.92%;margin-left : 1.92%;}}<\/style><\/div><div class=\"fusion-layout-column fusion_builder_column fusion-builder-column-19 fusion_builder_column_1_1 1_1 fusion-flex-column\"><div class=\"fusion-column-wrapper fusion-flex-justify-content-flex-start fusion-content-layout-column\" style=\"background-position:left top;background-repeat:no-repeat;-webkit-background-size:cover;-moz-background-size:cover;-o-background-size:cover;background-size:cover;padding: 0px 0px 0px 0px;\"><div class=\"fusion-text fusion-text-20\"><h4 class=\"font_4\">19. Interesses leg\u00edtimos no processamento que est\u00e3o sendo perseguidos pelo controlador ou um terceiro<\/h4>\n<p class=\"font_8\">Se o tratamento de dados pessoais se basear no artigo 6, I lit. f DS-GVO \u00e9 nosso interesse leg\u00edtimo em conduzir nossos neg\u00f3cios para o bem-estar de todos os nossos funcion\u00e1rios e acionistas.<\/p>\n<\/div><\/div><style type=\"text\/css\">.fusion-body .fusion-builder-column-19{width:100% !important;margin-top : 0px;margin-bottom : 0px;}.fusion-builder-column-19 > .fusion-column-wrapper {padding-top : 0px !important;padding-right : 0px !important;margin-right : 1.92%;padding-bottom : 0px !important;padding-left : 0px !important;margin-left : 1.92%;}@media only screen and (max-width:1024px) {.fusion-body .fusion-builder-column-19{width:100% !important;order : 0;}.fusion-builder-column-19 > .fusion-column-wrapper {margin-right : 1.92%;margin-left : 1.92%;}}@media only screen and (max-width:640px) {.fusion-body .fusion-builder-column-19{width:100% !important;order : 0;}.fusion-builder-column-19 > .fusion-column-wrapper {margin-right : 1.92%;margin-left : 1.92%;}}<\/style><\/div><div class=\"fusion-layout-column fusion_builder_column fusion-builder-column-20 fusion_builder_column_1_1 1_1 fusion-flex-column\"><div class=\"fusion-column-wrapper fusion-flex-justify-content-flex-start fusion-content-layout-column\" style=\"background-position:left top;background-repeat:no-repeat;-webkit-background-size:cover;-moz-background-size:cover;-o-background-size:cover;background-size:cover;padding: 0px 0px 0px 0px;\"><div class=\"fusion-text fusion-text-21\"><h4 class=\"font_4\">20. Dura\u00e7\u00e3o para a qual os dados pessoais s\u00e3o armazenados<\/h4>\n<p class=\"font_8\">O crit\u00e9rio para a dura\u00e7\u00e3o do armazenamento dos dados pessoais \u00e9 o respetivo per\u00edodo legal de reten\u00e7\u00e3o. Ap\u00f3s o per\u00edodo expirar, os dados relevantes s\u00e3o exclu\u00eddos rotineiramente, desde que n\u00e3o sejam mais necess\u00e1rios para o cumprimento ou in\u00edcio do contrato.<\/p>\n<\/div><\/div><style type=\"text\/css\">.fusion-body .fusion-builder-column-20{width:100% !important;margin-top : 0px;margin-bottom : 0px;}.fusion-builder-column-20 > .fusion-column-wrapper {padding-top : 0px !important;padding-right : 0px !important;margin-right : 1.92%;padding-bottom : 0px !important;padding-left : 0px !important;margin-left : 1.92%;}@media only screen and (max-width:1024px) {.fusion-body .fusion-builder-column-20{width:100% !important;order : 0;}.fusion-builder-column-20 > .fusion-column-wrapper {margin-right : 1.92%;margin-left : 1.92%;}}@media only screen and (max-width:640px) {.fusion-body .fusion-builder-column-20{width:100% !important;order : 0;}.fusion-builder-column-20 > .fusion-column-wrapper {margin-right : 1.92%;margin-left : 1.92%;}}<\/style><\/div><div class=\"fusion-layout-column fusion_builder_column fusion-builder-column-21 fusion_builder_column_1_1 1_1 fusion-flex-column\"><div class=\"fusion-column-wrapper fusion-flex-justify-content-flex-start fusion-content-layout-column\" style=\"background-position:left top;background-repeat:no-repeat;-webkit-background-size:cover;-moz-background-size:cover;-o-background-size:cover;background-size:cover;padding: 0px 0px 0px 0px;\"><div class=\"fusion-text fusion-text-22\"><h4 class=\"font_4\">21. Disposi\u00e7\u00f5es legais ou contratuais para o fornecimento de dados pessoais; Necessidade de celebra\u00e7\u00e3o do contrato; Obriga\u00e7\u00e3o do titular dos dados de fornecer os dados pessoais; poss\u00edveis consequ\u00eancias do n\u00e3o fornecimento<\/h4>\n<p class=\"font_8\">Explicamos a voc\u00ea que o fornecimento de dados pessoais \u00e9 em parte exigido por lei (por exemplo, regulamenta\u00e7\u00f5es fiscais) ou tamb\u00e9m pode resultar de regulamenta\u00e7\u00f5es contratuais (por exemplo, informa\u00e7\u00f5es sobre o parceiro contratual). Para concluir um contrato, \u00e0s vezes pode ser necess\u00e1rio que o titular dos dados nos forne\u00e7a dados pessoais que posteriormente devemos processar. Por exemplo, a pessoa em quest\u00e3o \u00e9 obrigada a nos fornecer dados pessoais quando nossa empresa celebra um contrato com ela. O n\u00e3o fornecimento de dados pessoais significaria que o contrato n\u00e3o poderia ser celebrado com o interessado. Antes de a pessoa em quest\u00e3o fornecer dados pessoais, ela deve entrar em contato com um de nossos funcion\u00e1rios. Nosso funcion\u00e1rio explica \u00e0 pessoa em causa, caso a caso, se o fornecimento dos dados pessoais \u00e9 exigido por lei ou contrato ou necess\u00e1rio para a celebra\u00e7\u00e3o do contrato, se h\u00e1 uma obriga\u00e7\u00e3o de fornecer os dados pessoais e quais as consequ\u00eancias do n\u00e3o fornecimento dos dados pessoais.<\/p>\n<\/div><\/div><style type=\"text\/css\">.fusion-body .fusion-builder-column-21{width:100% !important;margin-top : 0px;margin-bottom : 0px;}.fusion-builder-column-21 > .fusion-column-wrapper {padding-top : 0px !important;padding-right : 0px !important;margin-right : 1.92%;padding-bottom : 0px !important;padding-left : 0px !important;margin-left : 1.92%;}@media only screen and (max-width:1024px) {.fusion-body .fusion-builder-column-21{width:100% !important;order : 0;}.fusion-builder-column-21 > .fusion-column-wrapper {margin-right : 1.92%;margin-left : 1.92%;}}@media only screen and (max-width:640px) {.fusion-body .fusion-builder-column-21{width:100% !important;order : 0;}.fusion-builder-column-21 > .fusion-column-wrapper {margin-right : 1.92%;margin-left : 1.92%;}}<\/style><\/div><div class=\"fusion-layout-column fusion_builder_column fusion-builder-column-22 fusion_builder_column_1_1 1_1 fusion-flex-column\"><div class=\"fusion-column-wrapper fusion-flex-justify-content-flex-start fusion-content-layout-column\" style=\"background-position:left top;background-repeat:no-repeat;-webkit-background-size:cover;-moz-background-size:cover;-o-background-size:cover;background-size:cover;padding: 0px 0px 0px 0px;\"><div class=\"fusion-text fusion-text-23\"><h4 class=\"font_4\">22. Exist\u00eancia de tomada de decis\u00e3o automatizada<\/h4>\n<p class=\"font_8\">Como uma empresa respons\u00e1vel, n\u00e3o usamos a tomada de decis\u00f5es ou perfis autom\u00e1ticos.<\/p>\n<p class=\"font_8\">Esta declara\u00e7\u00e3o de prote\u00e7\u00e3o de dados foi criada pelo gerador de declara\u00e7\u00e3o de prote\u00e7\u00e3o de dados da DGD Deutsche Gesellschaft f\u00fcr Datenschutz GmbH, que como\u00a0<a href=\"https:\/\/dg-datenschutz.de\/datenschutz-dienstleistungen\/externer-datenschutzbeauftragter\/\" target=\"_blank\" rel=\"noopener noreferrer\">Externer Datenschutzbeauftragter Hof<\/a>\u00a0\u00e9 ativo em coopera\u00e7\u00e3o com o\u00a0<a href=\"https:\/\/www.wbs-law.de\/it-recht\/datenschutzrecht\/\" target=\"_blank\" rel=\"noopener noreferrer\">Anwalt f\u00fcr Datenschutzrecht<\/a>\u00a0Christian Solmecke criado.<\/p>\n<p class=\"font_8\"><span class=\"wixGuard\">\u200b<\/span><\/p>\n<\/div><\/div><style type=\"text\/css\">.fusion-body .fusion-builder-column-22{width:100% !important;margin-top : 0px;margin-bottom : 0px;}.fusion-builder-column-22 > .fusion-column-wrapper {padding-top : 0px !important;padding-right : 0px !important;margin-right : 1.92%;padding-bottom : 0px !important;padding-left : 0px !important;margin-left : 1.92%;}@media only screen and (max-width:1024px) {.fusion-body .fusion-builder-column-22{width:100% !important;order : 0;}.fusion-builder-column-22 > .fusion-column-wrapper {margin-right : 1.92%;margin-left : 1.92%;}}@media only screen and (max-width:640px) {.fusion-body .fusion-builder-column-22{width:100% !important;order : 0;}.fusion-builder-column-22 > .fusion-column-wrapper {margin-right : 1.92%;margin-left : 1.92%;}}<\/style><\/div><div class=\"fusion-layout-column fusion_builder_column fusion-builder-column-23 fusion_builder_column_1_1 1_1 fusion-flex-column\"><div class=\"fusion-column-wrapper fusion-flex-justify-content-flex-start fusion-content-layout-column\" style=\"background-position:left top;background-repeat:no-repeat;-webkit-background-size:cover;-moz-background-size:cover;-o-background-size:cover;background-size:cover;padding: 0px 0px 0px 0px;\"><div class=\"fusion-text fusion-text-24\"><\/div><\/div><style type=\"text\/css\">.fusion-body .fusion-builder-column-23{width:100% !important;margin-top : 0px;margin-bottom : 0px;}.fusion-builder-column-23 > .fusion-column-wrapper {padding-top : 0px !important;padding-right : 0px !important;margin-right : 1.92%;padding-bottom : 0px !important;padding-left : 0px !important;margin-left : 1.92%;}@media only screen and (max-width:1024px) {.fusion-body .fusion-builder-column-23{width:100% !important;order : 0;}.fusion-builder-column-23 > .fusion-column-wrapper {margin-right : 1.92%;margin-left : 1.92%;}}@media only screen and (max-width:640px) {.fusion-body .fusion-builder-column-23{width:100% !important;order : 0;}.fusion-builder-column-23 > .fusion-column-wrapper {margin-right : 1.92%;margin-left : 1.92%;}}<\/style><\/div><\/div><style type=\"text\/css\">.fusion-body .fusion-flex-container.fusion-builder-row-3{ padding-top : 0px;margin-top : 0px;padding-right : 0px;padding-bottom : 0px;margin-bottom : 0px;padding-left : 0px;}<\/style><\/div><\/p>","protected":false},"excerpt":{"rendered":"","protected":false},"author":1,"featured_media":0,"parent":0,"menu_order":0,"comment_status":"closed","ping_status":"closed","template":"","meta":{"footnotes":""},"yoast_head":"<!-- This site is optimized with the Yoast SEO plugin v22.7 - https:\/\/yoast.com\/wordpress\/plugins\/seo\/ -->\n<title>Datenschutz - Music4lovers<\/title>\n<meta name=\"robots\" content=\"index, follow, max-snippet:-1, max-image-preview:large, max-video-preview:-1\" \/>\n<link rel=\"canonical\" href=\"http:\/\/music4lovers.de\/pt\/datenschutz\/\" \/>\n<meta property=\"og:locale\" content=\"pt_PT\" \/>\n<meta property=\"og:type\" content=\"article\" \/>\n<meta property=\"og:title\" content=\"Datenschutz - Music4lovers\" \/>\n<meta property=\"og:url\" content=\"http:\/\/music4lovers.de\/pt\/datenschutz\/\" \/>\n<meta property=\"og:site_name\" content=\"Music4lovers\" \/>\n<meta property=\"article:modified_time\" content=\"2020-11-10T18:10:13+00:00\" \/>\n<meta name=\"twitter:card\" content=\"summary_large_image\" \/>\n<meta name=\"twitter:label1\" content=\"Tempo estimado de leitura\" \/>\n\t<meta name=\"twitter:data1\" content=\"72 minutos\" \/>\n<script type=\"application\/ld+json\" class=\"yoast-schema-graph\">{\"@context\":\"https:\/\/schema.org\",\"@graph\":[{\"@type\":\"WebPage\",\"@id\":\"http:\/\/music4lovers.de\/datenschutz\/\",\"url\":\"http:\/\/music4lovers.de\/datenschutz\/\",\"name\":\"Datenschutz - Music4lovers\",\"isPartOf\":{\"@id\":\"http:\/\/music4lovers.de\/#website\"},\"datePublished\":\"2020-11-04T21:37:29+00:00\",\"dateModified\":\"2020-11-10T18:10:13+00:00\",\"breadcrumb\":{\"@id\":\"http:\/\/music4lovers.de\/datenschutz\/#breadcrumb\"},\"inLanguage\":\"pt-PT\",\"potentialAction\":[{\"@type\":\"ReadAction\",\"target\":[\"http:\/\/music4lovers.de\/datenschutz\/\"]}]},{\"@type\":\"BreadcrumbList\",\"@id\":\"http:\/\/music4lovers.de\/datenschutz\/#breadcrumb\",\"itemListElement\":[{\"@type\":\"ListItem\",\"position\":1,\"name\":\"Home\",\"item\":\"http:\/\/music4lovers.de\/\"},{\"@type\":\"ListItem\",\"position\":2,\"name\":\"Datenschutz\"}]},{\"@type\":\"WebSite\",\"@id\":\"http:\/\/music4lovers.de\/#website\",\"url\":\"http:\/\/music4lovers.de\/\",\"name\":\"Music4lovers\",\"description\":\"Die richtige Musik f\u00fcr Dein Event!\",\"potentialAction\":[{\"@type\":\"SearchAction\",\"target\":{\"@type\":\"EntryPoint\",\"urlTemplate\":\"http:\/\/music4lovers.de\/?s={search_term_string}\"},\"query-input\":\"required name=search_term_string\"}],\"inLanguage\":\"pt-PT\"}]}<\/script>\n<!-- \/ Yoast SEO plugin. -->","yoast_head_json":{"title":"Datenschutz - Music4lovers","robots":{"index":"index","follow":"follow","max-snippet":"max-snippet:-1","max-image-preview":"max-image-preview:large","max-video-preview":"max-video-preview:-1"},"canonical":"http:\/\/music4lovers.de\/pt\/datenschutz\/","og_locale":"pt_PT","og_type":"article","og_title":"Datenschutz - Music4lovers","og_url":"http:\/\/music4lovers.de\/pt\/datenschutz\/","og_site_name":"Music4lovers","article_modified_time":"2020-11-10T18:10:13+00:00","twitter_card":"summary_large_image","twitter_misc":{"Tempo estimado de leitura":"72 minutos"},"schema":{"@context":"https:\/\/schema.org","@graph":[{"@type":"WebPage","@id":"http:\/\/music4lovers.de\/datenschutz\/","url":"http:\/\/music4lovers.de\/datenschutz\/","name":"Datenschutz - Music4lovers","isPartOf":{"@id":"http:\/\/music4lovers.de\/#website"},"datePublished":"2020-11-04T21:37:29+00:00","dateModified":"2020-11-10T18:10:13+00:00","breadcrumb":{"@id":"http:\/\/music4lovers.de\/datenschutz\/#breadcrumb"},"inLanguage":"pt-PT","potentialAction":[{"@type":"ReadAction","target":["http:\/\/music4lovers.de\/datenschutz\/"]}]},{"@type":"BreadcrumbList","@id":"http:\/\/music4lovers.de\/datenschutz\/#breadcrumb","itemListElement":[{"@type":"ListItem","position":1,"name":"Home","item":"http:\/\/music4lovers.de\/"},{"@type":"ListItem","position":2,"name":"Datenschutz"}]},{"@type":"WebSite","@id":"http:\/\/music4lovers.de\/#website","url":"http:\/\/music4lovers.de\/","name":"Music4lovers","description":"A m\u00fasica certa para o seu evento!","potentialAction":[{"@type":"SearchAction","target":{"@type":"EntryPoint","urlTemplate":"http:\/\/music4lovers.de\/?s={search_term_string}"},"query-input":"required name=search_term_string"}],"inLanguage":"pt-PT"}]}},"_links":{"self":[{"href":"http:\/\/music4lovers.de\/pt\/wp-json\/wp\/v2\/pages\/1625"}],"collection":[{"href":"http:\/\/music4lovers.de\/pt\/wp-json\/wp\/v2\/pages"}],"about":[{"href":"http:\/\/music4lovers.de\/pt\/wp-json\/wp\/v2\/types\/page"}],"author":[{"embeddable":true,"href":"http:\/\/music4lovers.de\/pt\/wp-json\/wp\/v2\/users\/1"}],"replies":[{"embeddable":true,"href":"http:\/\/music4lovers.de\/pt\/wp-json\/wp\/v2\/comments?post=1625"}],"version-history":[{"count":27,"href":"http:\/\/music4lovers.de\/pt\/wp-json\/wp\/v2\/pages\/1625\/revisions"}],"predecessor-version":[{"id":1698,"href":"http:\/\/music4lovers.de\/pt\/wp-json\/wp\/v2\/pages\/1625\/revisions\/1698"}],"wp:attachment":[{"href":"http:\/\/music4lovers.de\/pt\/wp-json\/wp\/v2\/media?parent=1625"}],"curies":[{"name":"wp","href":"https:\/\/api.w.org\/{rel}","templated":true}]}}